{"id":55154,"date":"2025-07-21T15:44:05","date_gmt":"2025-07-21T13:44:05","guid":{"rendered":"https:\/\/mewo.lu\/dap-holzstrecke\/"},"modified":"2025-07-25T11:17:09","modified_gmt":"2025-07-25T09:17:09","slug":"dap-holzstrecke","status":"publish","type":"page","link":"https:\/\/mewo.lu\/de\/dap-holzstrecke\/","title":{"rendered":"DAP &#8211; Holzstrecke"},"content":{"rendered":"<p>[et_pb_section fb_built=&#8220;1&#8243; custom_padding_last_edited=&#8220;on|phone&#8220; _builder_version=&#8220;4.26.0&#8243; background_enable_color=&#8220;off&#8220; background_image=&#8220;https:\/\/mewo.lu\/wp-content\/uploads\/2020\/03\/Group-36.jpg&#8220; background_video_mp4=&#8220;https:\/\/mewo.lu\/wp-content\/uploads\/2025\/07\/outpu2t.mp4&#8243; min_height=&#8220;730px&#8220; min_height_tablet=&#8220;400px&#8220; min_height_phone=&#8220;&#8220; min_height_last_edited=&#8220;on|desktop&#8220; custom_margin=&#8220;-133px||||false|false&#8220; custom_padding=&#8220;134px||134px||true|false&#8220; custom_padding_tablet=&#8220;70px||70px||true|false&#8220; custom_padding_phone=&#8220;50px||50px||true|false&#8220; locked=&#8220;off&#8220; collapsed=&#8220;on&#8220; global_colors_info=&#8220;{}&#8220;][et_pb_row use_custom_gutter=&#8220;on&#8220; gutter_width=&#8220;2&#8243; make_equal=&#8220;on&#8220; _builder_version=&#8220;4.26.0&#8243; width_tablet=&#8220;90%&#8220; width_phone=&#8220;90%&#8220; width_last_edited=&#8220;off|phone&#8220; max_width_tablet=&#8220;90%&#8220; max_width_phone=&#8220;90%&#8220; max_width_last_edited=&#8220;off|tablet&#8220; custom_margin=&#8220;435px||||false|false&#8220; custom_padding=&#8220;||0px|||&#8220; global_colors_info=&#8220;{}&#8220;][et_pb_column type=&#8220;4_4&#8243; _builder_version=&#8220;4.16&#8243; custom_padding=&#8220;|||&#8220; global_colors_info=&#8220;{}&#8220; custom_padding__hover=&#8220;|||&#8220;][et_pb_text _builder_version=&#8220;4.16&#8243; text_font=&#8220;Futura Book|600|||||||&#8220; text_text_color=&#8220;#8fb1c0&#8243; text_letter_spacing=&#8220;4px&#8220; header_font=&#8220;Futura Book|600|||||||&#8220; header_text_color=&#8220;#8fb1c0&#8243; header_font_size=&#8220;14px&#8220; header_letter_spacing=&#8220;4px&#8220; custom_padding=&#8220;|||3px&#8220; animation_direction=&#8220;left&#8220; header_font_size_phone=&#8220;12px&#8220; global_colors_info=&#8220;{}&#8220;]<\/p>\n<p>Conf\u00e9d\u00e9ration du Bois et du M\u00e9tal<\/p>\n<p>[\/et_pb_text][et_pb_text _builder_version=&#8220;4.16&#8243; header_font=&#8220;Futura Medium bt|700||on|||||&#8220; header_text_color=&#8220;#ffffff&#8220; header_font_size=&#8220;60px&#8220; header_line_height=&#8220;1.3em&#8220; custom_margin=&#8220;-25px||||false|false&#8220; custom_margin_tablet=&#8220;-40px||||false|false&#8220; custom_margin_phone=&#8220;-31px||||false|false&#8220; custom_margin_last_edited=&#8220;on|desktop&#8220; animation_direction=&#8220;right&#8220; header_font_size_tablet=&#8220;42px&#8220; header_font_size_phone=&#8220;32px&#8220; header_font_size_last_edited=&#8220;on|phone&#8220; header_line_height_tablet=&#8220;&#8220; header_line_height_phone=&#8220;1.2em&#8220; header_line_height_last_edited=&#8220;on|desktop&#8220; global_colors_info=&#8220;{}&#8220;]<\/p>\n<h1>Ausbildung in Holz<\/h1>\n<p>[\/et_pb_text][\/et_pb_column][\/et_pb_row][\/et_pb_section][et_pb_section fb_built=&#8220;1&#8243; custom_padding_last_edited=&#8220;on|phone&#8220; module_id=&#8220;DAP_bois&#8220; _builder_version=&#8220;4.16&#8243; background_color=&#8220;#EDEDED&#8220; custom_padding=&#8220;130px|0px|130px|0px|true|false&#8220; custom_padding_tablet=&#8220;70px||70px||true|false&#8220; custom_padding_phone=&#8220;50px||50px||true|false&#8220; locked=&#8220;off&#8220; global_colors_info=&#8220;{}&#8220;][et_pb_row column_structure=&#8220;2_5,3_5&#8243; module_class=&#8220;row-style&#8220; _builder_version=&#8220;4.16&#8243; width_tablet=&#8220;90%&#8220; width_phone=&#8220;&#8220; width_last_edited=&#8220;on|tablet&#8220; max_width=&#8220;80%&#8220; custom_padding=&#8220;0px||0px||true|false&#8220; global_colors_info=&#8220;{}&#8220;][et_pb_column type=&#8220;2_5&#8243; _builder_version=&#8220;4.16&#8243; global_colors_info=&#8220;{}&#8220;][et_pb_text module_class=&#8220;title-style&#8220; _builder_version=&#8220;4.16&#8243; text_font=&#8220;Futura Medium bt|500|||||||&#8220; text_text_color=&#8220;#607680&#8243; text_font_size=&#8220;36px&#8220; text_line_height=&#8220;47px&#8220; header_2_font=&#8220;Futura Medium bt|500|||||||&#8220; header_2_text_color=&#8220;#607680&#8243; header_2_font_size=&#8220;42px&#8220; header_2_line_height=&#8220;47px&#8220; text_font_size_tablet=&#8220;&#8220; text_font_size_phone=&#8220;25px&#8220; text_font_size_last_edited=&#8220;on|phone&#8220; header_2_font_size_tablet=&#8220;28px&#8220; header_2_font_size_phone=&#8220;22px&#8220; header_2_font_size_last_edited=&#8220;on|phone&#8220; global_colors_info=&#8220;{}&#8220;]<\/p>\n<h2>| DAP<\/h2>\n<p>[\/et_pb_text][et_pb_text _builder_version=&#8220;4.16&#8243; text_font=&#8220;Roboto|300|||||||&#8220; text_text_color=&#8220;#262f33&#8243; text_line_height=&#8220;2em&#8220; header_font=&#8220;Yeseva One||||||||&#8220; header_text_color=&#8220;#3c1c20&#8243; header_font_size=&#8220;47px&#8220; text_orientation=&#8220;justified&#8220; custom_margin=&#8220;-15px||&#8220; text_font_size_tablet=&#8220;&#8220; text_font_size_phone=&#8220;15px&#8220; text_font_size_last_edited=&#8220;on|phone&#8220; global_colors_info=&#8220;{}&#8220;]<\/p>\n<p>Das Dipl\u00f4me d&#8217;aptitude professionnelle (DAP), ist ein nationales Diplom, das den Abschluss einer beruflichen Erstausbildung bescheinigt, gleich dem \u201eGesellenbrief\u201c. Es wird am Ende des letzten Ausbildungsjahres nach einer Pr\u00fcfung erworben, die einen theoretischen und einen praktischen Teil umfasst. Es bescheinigt, dass der Auszubildende, der diese Pr\u00fcfung bestanden hat, \u00fcber die theoretischen und praktischen F\u00e4higkeiten verf\u00fcgt, um den betreffenden Beruf oder die betreffende T\u00e4tigkeit als Fachkraft auszu\u00fcben.<\/p>\n<p>Nach dem DAP kann der Sch\u00fcler eine Technikerausbildung in der gleichen Fachrichtung fortsetzen oder einen Meisterbrief erwerben. Wenn nach der Ausbildung Vorbereitungsmodule belegt werden, kann ein h\u00f6heres technisches Studium in der seinem Abschluss entsprechenden Fachrichtung (Universit\u00e4t oder BTS) in Betracht kommen.<\/p>\n<p>[\/et_pb_text][\/et_pb_column][et_pb_column type=&#8220;3_5&#8243; module_class=&#8220;right-post&#8220; _builder_version=&#8220;4.16&#8243; global_colors_info=&#8220;{}&#8220;][et_pb_text module_class=&#8220;item-5&#8243; _builder_version=&#8220;4.26.0&#8243; text_font=&#8220;Roboto|300|||||||&#8220; link_font=&#8220;Futura Medium bt|500|||||||&#8220; custom_margin=&#8220;||-3px||false|false&#8220; custom_padding=&#8220;||0px||false|false&#8220; border_radii=&#8220;on|10px|10px|10px|10px&#8220; global_colors_info=&#8220;{}&#8220;]<\/p>\n<p><a href=\"https:\/\/www.handsup.lu\/fr\/metiers-formations\/listing\/fiche-metier\/metiers-de-la-construction-habitat\/menuisier-ebeniste\" target=\"_blank\" rel=\"noopener\"><img loading=\"lazy\" decoding=\"async\" src=\"https:\/\/mewo.lu\/wp-content\/uploads\/2025\/06\/component-1-300x185-1.png\" alt=\"\" class=\"wp-image-51603 alignnone size-medium\" style=\"display: block; margin-left: auto; margin-right: auto;\" width=\"300\" height=\"185\"><\/a><\/p>\n<div class=\"item-post\">\n<h3><a href=\"#\">Menuisier<\/a><\/h3>\n<p><a href=\"https:\/\/www.handsup.lu\/fr\/metiers-formations\/metiers-de-la-construction-habitat\/menuisier-ebeniste\" target=\"_blank\" rel=\"noopener\">Mehr erfahren<\/a><\/p>\n<\/div>\n<p>[\/et_pb_text][et_pb_text module_class=&#8220;item-5&#8243; _builder_version=&#8220;4.26.0&#8243; text_font=&#8220;Roboto|300|||||||&#8220; link_font=&#8220;Futura Medium bt|500|||||||&#8220; custom_margin=&#8220;|||44px|false|false&#8220; hover_enabled=&#8220;0&#8243; border_radii=&#8220;on|10px|10px|10px|10px&#8220; global_colors_info=&#8220;{}&#8220; custom_margin_last_edited=&#8220;on|phone&#8220; custom_margin_phone=&#8220;30px|||0px|false|false&#8220; sticky_enabled=&#8220;0&#8243; custom_margin_tablet=&#8220;|||44px|false|false&#8220;]<\/p>\n<p><a href=\"https:\/\/www.handsup.lu\/fr\/metiers-formations\/listing\/fiche-metier\/metiers-de-la-construction-habitat\/parqueteur\" target=\"_blank\" rel=\"noopener\"><img loading=\"lazy\" decoding=\"async\" src=\"https:\/\/mewo.lu\/wp-content\/uploads\/2025\/06\/component-300x185-1.png\" alt=\"\" class=\"wp-image-51616 alignnone size-medium\" style=\"display: block; margin-left: auto; margin-right: auto;\" width=\"300\" height=\"185\" \/><\/a><\/p>\n<div class=\"item-post\">\n<h3><a href=\"#\">Parqueteur<\/a><\/h3>\n<p><a href=\"https:\/\/www.handsup.lu\/fr\/metiers-formations\/metiers-de-la-construction-habitat\/parqueteur\" target=\"_blank\" rel=\"noopener\">Mehr erfahren<\/a><\/p>\n<\/div>\n<p>[\/et_pb_text][\/et_pb_column][\/et_pb_row][et_pb_row column_structure=&#8220;1_4,1_4,1_4,1_4&#8243; make_equal=&#8220;on&#8220; _builder_version=&#8220;4.26.0&#8243; _module_preset=&#8220;default&#8220; max_width=&#8220;80%&#8220; module_alignment=&#8220;center&#8220; custom_padding=&#8220;|||0px|false|false&#8220; locked=&#8220;off&#8220; global_colors_info=&#8220;{}&#8220;][et_pb_column type=&#8220;1_4&#8243; _builder_version=&#8220;4.26.0&#8243; _module_preset=&#8220;default&#8220; global_colors_info=&#8220;{}&#8220;][et_pb_image src=&#8220;https:\/\/mewo.lu\/wp-content\/uploads\/2025\/07\/lyceemaarcher.png&#8220; title_text=&#8220;lyceemaarcher&#8220; url=&#8220;https:\/\/mlg.lu\/&#8220; _builder_version=&#8220;4.26.0&#8243; _module_preset=&#8220;default&#8220; global_colors_info=&#8220;{}&#8220;][\/et_pb_image][\/et_pb_column][et_pb_column type=&#8220;1_4&#8243; _builder_version=&#8220;4.26.0&#8243; _module_preset=&#8220;default&#8220; global_colors_info=&#8220;{}&#8220;][et_pb_image src=&#8220;https:\/\/mewo.lu\/wp-content\/uploads\/2025\/07\/lyceeguillaume_kroll.png&#8220; title_text=&#8220;lyceeguillaume_kroll&#8220; url=&#8220;https:\/\/www.lgk.lu\/fopro\/mb\/&#8220; _builder_version=&#8220;4.26.0&#8243; _module_preset=&#8220;default&#8220; global_colors_info=&#8220;{}&#8220;][\/et_pb_image][\/et_pb_column][et_pb_column type=&#8220;1_4&#8243; _builder_version=&#8220;4.26.0&#8243; _module_preset=&#8220;default&#8220; global_colors_info=&#8220;{}&#8220;][et_pb_image src=&#8220;https:\/\/mewo.lu\/wp-content\/uploads\/2025\/07\/lyeedunord.png&#8220; title_text=&#8220;lyeedunord&#8220; url=&#8220;https:\/\/ln.lu\/&#8220; _builder_version=&#8220;4.26.0&#8243; _module_preset=&#8220;default&#8220; module_alignment=&#8220;center&#8220; global_colors_info=&#8220;{}&#8220;][\/et_pb_image][\/et_pb_column][et_pb_column type=&#8220;1_4&#8243; _builder_version=&#8220;4.26.0&#8243; _module_preset=&#8220;default&#8220; global_colors_info=&#8220;{}&#8220;][et_pb_image src=&#8220;https:\/\/mewo.lu\/wp-content\/uploads\/2025\/07\/lycee_emile_metz.png&#8220; title_text=&#8220;lycee_emile_metz&#8220; url=&#8220;https:\/\/lpem.lu\/offre-scolaire\/formation-professionnelle-a-plein-temps\/dap-diplome-daptitude-professionnelle\/menuisier-ebeniste-eb\/&#8220; _builder_version=&#8220;4.26.0&#8243; _module_preset=&#8220;default&#8220; custom_margin=&#8220;|0px||0px|false|false&#8220; custom_padding=&#8220;|0px||0px|false|false&#8220; global_colors_info=&#8220;{}&#8220;][\/et_pb_image][\/et_pb_column][\/et_pb_row][et_pb_row module_class=&#8220;row-style&#8220; _builder_version=&#8220;4.16&#8243; width_tablet=&#8220;90%&#8220; width_phone=&#8220;&#8220; width_last_edited=&#8220;on|tablet&#8220; max_width=&#8220;80%&#8220; custom_margin=&#8220;50px||||false|false&#8220; custom_padding=&#8220;0px||0px||true|false&#8220; global_colors_info=&#8220;{}&#8220;][et_pb_column type=&#8220;4_4&#8243; _builder_version=&#8220;4.16&#8243; global_colors_info=&#8220;{}&#8220;][et_pb_text module_class=&#8220;title-style&#8220; _builder_version=&#8220;4.16&#8243; text_font=&#8220;Futura Medium bt|500|||||||&#8220; text_text_color=&#8220;#607680&#8243; text_font_size=&#8220;36px&#8220; text_line_height=&#8220;47px&#8220; header_2_font=&#8220;Futura Medium bt|500|||||||&#8220; header_2_text_color=&#8220;#607680&#8243; header_2_font_size=&#8220;42px&#8220; header_2_line_height=&#8220;47px&#8220; text_font_size_tablet=&#8220;&#8220; text_font_size_phone=&#8220;25px&#8220; text_font_size_last_edited=&#8220;on|phone&#8220; header_2_font_size_tablet=&#8220;28px&#8220; header_2_font_size_phone=&#8220;22px&#8220; header_2_font_size_last_edited=&#8220;on|phone&#8220; global_colors_info=&#8220;{}&#8220; header_2_2_font_size_tablet=&#8220;28px&#8220; header_3_2_font_size_tablet=&#8220;28px&#8220; header_4_2_font_size_tablet=&#8220;28px&#8220; header_5_2_font_size_tablet=&#8220;28px&#8220; header_6_2_font_size_tablet=&#8220;28px&#8220; header_2_2_font_size_phone=&#8220;22px&#8220; header_3_2_font_size_phone=&#8220;22px&#8220; header_4_2_font_size_phone=&#8220;22px&#8220; header_5_2_font_size_phone=&#8220;22px&#8220; header_6_2_font_size_phone=&#8220;22px&#8220; header_2_2_font_size_last_edited=&#8220;on|phone&#8220; header_3_2_font_size_last_edited=&#8220;on|phone&#8220; header_4_2_font_size_last_edited=&#8220;on|phone&#8220; header_5_2_font_size_last_edited=&#8220;on|phone&#8220; header_6_2_font_size_last_edited=&#8220;on|phone&#8220;]<\/p>\n<h2>| Diese Abschl\u00fcsse erm\u00f6glichen den Zugang zu folgenden handwerklichen T\u00e4tigkeiten<\/h2>\n<p>[\/et_pb_text][\/et_pb_column][\/et_pb_row][et_pb_row column_structure=&#8220;1_2,1_2&#8243; module_class=&#8220;row-style&#8220; _builder_version=&#8220;4.16&#8243; width_tablet=&#8220;90%&#8220; width_phone=&#8220;&#8220; width_last_edited=&#8220;on|tablet&#8220; max_width=&#8220;80%&#8220; custom_margin=&#8220;50px||||false|false&#8220; custom_padding=&#8220;0px||0px||true|false&#8220; global_colors_info=&#8220;{}&#8220;][et_pb_column type=&#8220;1_2&#8243; _builder_version=&#8220;4.16&#8243; global_colors_info=&#8220;{}&#8220;][et_pb_toggle title=&#8220;Menuisier DAP (cliquez pour plus d&apos;informations)&#8220; icon_color=&#8220;#607680&#8243; use_icon_font_size=&#8220;on&#8220; icon_font_size=&#8220;24px&#8220; open_icon_color=&#8220;#607680&#8243; open_use_icon_font_size=&#8220;on&#8220; open_icon_font_size=&#8220;24px&#8220; _builder_version=&#8220;4.16&#8243; title_text_color=&#8220;#607680&#8243; title_font=&#8220;Roboto||||||||&#8220; title_font_size=&#8220;18px&#8220; body_font=&#8220;Roboto|300|||||||&#8220; body_text_color=&#8220;#262f33&#8243; body_font_size=&#8220;16px&#8220; body_line_height=&#8220;2em&#8220; background_color=&#8220;#ffffff&#8220; body_font_size_tablet=&#8220;&#8220; body_font_size_phone=&#8220;15px&#8220; body_font_size_last_edited=&#8220;on|phone&#8220; global_colors_info=&#8220;{}&#8220;]<\/p>\n<ul>\n<li>\n<p class=\"p1\">d\u00e9corateur d\u2019int\u00e9rieur<\/p>\n<\/li>\n<li>\n<p class=\"p1\">entrepreneur de pompes fun\u00e8bres<\/p>\n<\/li>\n<li>\n<p class=\"p1\">fabricant &#8211; poseur de volets et de jalousies<\/p>\n<\/li>\n<li>\n<p class=\"p1\">maquettiste<\/p>\n<\/li>\n<li>\n<p class=\"p1\">poseur &#8211; monteur de fen\u00eatres, de portes et de meubles pr\u00e9fabriqu\u00e9s<\/p>\n<\/li>\n<li>\n<p class=\"p1\">poseur de syst\u00e8mes de protection solaire<\/p>\n<\/li>\n<li>\n<p class=\"p1\">poseur, monteur et restaurateur d\u2019\u00e9l\u00e9ments pr\u00e9fabriqu\u00e9s et de parquets<\/p>\n<\/li>\n<li>\n<p class=\"p1\">r\u00e9alisateur de d\u00e9cors de th\u00e9\u00e2tre, de cin\u00e9ma et de t\u00e9l\u00e9vision<\/p>\n<\/li>\n<li>\n<p class=\"p1\">vitrier &#8211; miroitier<\/p>\n<\/li>\n<\/ul>\n<p>[\/et_pb_toggle][\/et_pb_column][et_pb_column type=&#8220;1_2&#8243; _builder_version=&#8220;4.16&#8243; global_colors_info=&#8220;{}&#8220;][et_pb_toggle title=&#8220;Parqueteur DAP (cliquez pour plus d&apos;informations)&#8220; icon_color=&#8220;#607680&#8243; use_icon_font_size=&#8220;on&#8220; icon_font_size=&#8220;24px&#8220; open_icon_color=&#8220;#607680&#8243; open_use_icon_font_size=&#8220;on&#8220; open_icon_font_size=&#8220;24px&#8220; _builder_version=&#8220;4.16&#8243; title_text_color=&#8220;#607680&#8243; title_font=&#8220;Roboto||||||||&#8220; title_font_size=&#8220;18px&#8220; body_font=&#8220;Roboto|300|||||||&#8220; body_text_color=&#8220;#262f33&#8243; body_font_size=&#8220;16px&#8220; body_line_height=&#8220;2em&#8220; background_color=&#8220;#ffffff&#8220; body_font_size_tablet=&#8220;&#8220; body_font_size_phone=&#8220;15px&#8220; body_font_size_last_edited=&#8220;on|phone&#8220; global_colors_info=&#8220;{}&#8220;]<\/p>\n<ul>\n<li>entrepreneur de pompes fun\u00e8bres<\/li>\n<li>\n<p class=\"p1\">fabricant &#8211; poseur de volets et de jalousies<\/p>\n<\/li>\n<li>\n<p class=\"p1\">poseur, monteur et restaurateur d\u2019\u00e9l\u00e9ments pr\u00e9fabriqu\u00e9s et de parquets<\/p>\n<\/li>\n<li>\n<p class=\"p1\">r\u00e9alisateur de d\u00e9cors de th\u00e9\u00e2tre, de cin\u00e9ma et de t\u00e9l\u00e9vision<\/p>\n<\/li>\n<\/ul>\n<p>[\/et_pb_toggle][\/et_pb_column][\/et_pb_row][et_pb_row module_class=&#8220;dropdow-icon&#8220; _builder_version=&#8220;4.16&#8243; custom_padding=&#8220;0px||0px||true|false&#8220; global_colors_info=&#8220;{}&#8220;][et_pb_column type=&#8220;4_4&#8243; _builder_version=&#8220;4.16&#8243; global_colors_info=&#8220;{}&#8220;][et_pb_image src=&#8220;https:\/\/mewo.lu\/wp-content\/uploads\/2020\/03\/Icon-ionic-ios-arrow-forward.svg&#8220; align=&#8220;center&#8220; module_class=&#8220;dropdow-style&#8220; _builder_version=&#8220;4.16&#8243; background_image=&#8220;https:\/\/mewo.lu\/wp-content\/uploads\/2020\/03\/\u591a\u8fb9\u5f62-1.svg&#8220; custom_padding=&#8220;||||false|false&#8220; global_colors_info=&#8220;{}&#8220;][\/et_pb_image][\/et_pb_column][\/et_pb_row][\/et_pb_section]<\/p>\n","protected":false},"excerpt":{"rendered":"<p>Conf\u00e9d\u00e9ration du Bois et du M\u00e9talAusbildung in Holz| DAPDas Dipl\u00f4me d&#8217;aptitude professionnelle (DAP), ist ein nationales Diplom, das den Abschluss &#8230;<\/p>\n","protected":false},"author":14,"featured_media":0,"parent":0,"menu_order":0,"comment_status":"closed","ping_status":"closed","template":"","meta":{"_acf_changed":false,"_et_pb_use_builder":"on","_et_pb_old_content":"","_et_gb_content_width":"","inline_featured_image":false,"footnotes":""},"class_list":["post-55154","page","type-page","status-publish","hentry"],"acf":[],"_links":{"self":[{"href":"https:\/\/mewo.lu\/de\/wp-json\/wp\/v2\/pages\/55154","targetHints":{"allow":["GET"]}}],"collection":[{"href":"https:\/\/mewo.lu\/de\/wp-json\/wp\/v2\/pages"}],"about":[{"href":"https:\/\/mewo.lu\/de\/wp-json\/wp\/v2\/types\/page"}],"author":[{"embeddable":true,"href":"https:\/\/mewo.lu\/de\/wp-json\/wp\/v2\/users\/14"}],"replies":[{"embeddable":true,"href":"https:\/\/mewo.lu\/de\/wp-json\/wp\/v2\/comments?post=55154"}],"version-history":[{"count":4,"href":"https:\/\/mewo.lu\/de\/wp-json\/wp\/v2\/pages\/55154\/revisions"}],"predecessor-version":[{"id":55182,"href":"https:\/\/mewo.lu\/de\/wp-json\/wp\/v2\/pages\/55154\/revisions\/55182"}],"wp:attachment":[{"href":"https:\/\/mewo.lu\/de\/wp-json\/wp\/v2\/media?parent=55154"}],"curies":[{"name":"wp","href":"https:\/\/api.w.org\/{rel}","templated":true}]}}