{"id":54260,"date":"2020-03-04T13:32:07","date_gmt":"2020-03-04T12:32:07","guid":{"rendered":"https:\/\/mewo.lu\/links\/"},"modified":"2023-04-17T11:11:16","modified_gmt":"2023-04-17T09:11:16","slug":"links","status":"publish","type":"page","link":"https:\/\/mewo.lu\/de\/links\/","title":{"rendered":"Links"},"content":{"rendered":"<p>[et_pb_section fb_built=&#8220;1&#8243; custom_padding_last_edited=&#8220;on|phone&#8220; _builder_version=&#8220;4.16&#8243; background_enable_color=&#8220;off&#8220; use_background_color_gradient=&#8220;on&#8220; background_color_gradient_stops=&#8220;rgba(38,47,51,0.69) 0%|rgba(38,47,51,0.69) 100%&#8220; background_color_gradient_overlays_image=&#8220;on&#8220; background_color_gradient_start=&#8220;rgba(38,47,51,0.69)&#8220; background_color_gradient_end=&#8220;rgba(38,47,51,0.69)&#8220; background_image=&#8220;https:\/\/mewo.lu\/wp-content\/uploads\/2020\/03\/shutterstock_128810011.jpg&#8220; custom_padding=&#8220;130px||130px||true|false&#8220; custom_padding_tablet=&#8220;70px||70px||true|false&#8220; custom_padding_phone=&#8220;50px||50px||true|false&#8220; collapsed=&#8220;on&#8220; global_colors_info=&#8220;{}&#8220;][et_pb_row use_custom_gutter=&#8220;on&#8220; gutter_width=&#8220;2&#8243; make_equal=&#8220;on&#8220; _builder_version=&#8220;4.16&#8243; custom_padding=&#8220;||0px|||&#8220; global_colors_info=&#8220;{}&#8220;][et_pb_column type=&#8220;4_4&#8243; _builder_version=&#8220;4.16&#8243; custom_padding=&#8220;|||&#8220; global_colors_info=&#8220;{}&#8220; custom_padding__hover=&#8220;|||&#8220;][et_pb_text _builder_version=&#8220;4.16&#8243; text_font=&#8220;Futura Book|600|||||||&#8220; text_text_color=&#8220;#8fb1c0&#8243; text_letter_spacing=&#8220;4px&#8220; header_font=&#8220;Futura Book|600|||||||&#8220; header_text_color=&#8220;#8fb1c0&#8243; header_font_size=&#8220;14px&#8220; header_letter_spacing=&#8220;4px&#8220; header_2_font_size=&#8220;42px&#8220; custom_padding=&#8220;|||3px&#8220; animation_direction=&#8220;left&#8220; header_font_size_phone=&#8220;12px&#8220; header_2_font_size_tablet=&#8220;28px&#8220; header_2_font_size_phone=&#8220;22px&#8220; header_2_font_size_last_edited=&#8220;on|phone&#8220; global_colors_info=&#8220;{}&#8220;]<\/p>\n<p>Conf\u00e9d\u00e9ration du Bois et du M\u00e9tal<\/p>\n<p>[\/et_pb_text][et_pb_text _builder_version=&#8220;4.16&#8243; header_font=&#8220;Futura Medium bt|700||on|||||&#8220; header_text_color=&#8220;#ffffff&#8220; header_font_size=&#8220;60px&#8220; header_line_height=&#8220;1.3em&#8220; header_2_font_size=&#8220;42px&#8220; custom_margin=&#8220;-25px||||false|false&#8220; custom_margin_tablet=&#8220;-40px||||false|false&#8220; custom_margin_phone=&#8220;-31px||||false|false&#8220; custom_margin_last_edited=&#8220;on|desktop&#8220; animation_direction=&#8220;right&#8220; header_font_size_tablet=&#8220;48px&#8220; header_font_size_phone=&#8220;32px&#8220; header_font_size_last_edited=&#8220;on|phone&#8220; header_line_height_tablet=&#8220;&#8220; header_line_height_phone=&#8220;1.2em&#8220; header_line_height_last_edited=&#8220;on|desktop&#8220; header_2_font_size_tablet=&#8220;28px&#8220; header_2_font_size_phone=&#8220;22px&#8220; header_2_font_size_last_edited=&#8220;on|phone&#8220; global_colors_info=&#8220;{}&#8220;]<\/p>\n<h1>Links<\/h1>\n<p>[\/et_pb_text][\/et_pb_column][\/et_pb_row][\/et_pb_section][et_pb_section fb_built=&#8220;1&#8243; custom_padding_last_edited=&#8220;on|phone&#8220; _builder_version=&#8220;4.16&#8243; background_enable_color=&#8220;off&#8220; custom_padding=&#8220;50px|0px|50px|0px|true|false&#8220; custom_padding_tablet=&#8220;50px||50px||true|false&#8220; custom_padding_phone=&#8220;30px||30px||true|false&#8220; collapsed=&#8220;on&#8220; global_colors_info=&#8220;{}&#8220;][et_pb_row _builder_version=&#8220;4.16&#8243; width_tablet=&#8220;&#8220; width_phone=&#8220;90%&#8220; width_last_edited=&#8220;on|phone&#8220; custom_padding=&#8220;0px||0px||true|false&#8220; global_colors_info=&#8220;{}&#8220;][et_pb_column type=&#8220;4_4&#8243; _builder_version=&#8220;4.16&#8243; custom_padding=&#8220;|||&#8220; global_colors_info=&#8220;{}&#8220; custom_padding__hover=&#8220;|||&#8220;][et_pb_text _builder_version=&#8220;4.20.4&#8243; text_font=&#8220;Roboto||||||||&#8220; text_text_color=&#8220;#262f33&#8243; header_2_font=&#8220;Futura Medium bt||||||||&#8220; header_2_font_size=&#8220;42px&#8220; custom_padding=&#8220;|||&#8220; header_2_font_size_tablet=&#8220;28px&#8220; header_2_font_size_phone=&#8220;22px&#8220; header_2_font_size_last_edited=&#8220;on|phone&#8220; global_colors_info=&#8220;{}&#8220;]<\/p>\n<h2>Einrichtungen des Handwerks<\/h2>\n<p>[\/et_pb_text][et_pb_divider divider_weight=&#8220;2px&#8220; _builder_version=&#8220;4.16&#8243; max_width=&#8220;30px&#8220; module_alignment=&#8220;left&#8220; custom_margin=&#8220;-2px||||false|false&#8220; custom_margin_tablet=&#8220;-12px||||false|false&#8220; custom_margin_phone=&#8220;-12px||||false|false&#8220; custom_margin_last_edited=&#8220;on|phone&#8220; global_colors_info=&#8220;{}&#8220;][\/et_pb_divider][\/et_pb_column][\/et_pb_row][et_pb_row column_structure=&#8220;1_2,1_2&#8243; use_custom_gutter=&#8220;on&#8220; gutter_width=&#8220;2&#8243; _builder_version=&#8220;4.16&#8243; custom_margin=&#8220;||30px||false|false&#8220; custom_padding=&#8220;30px|30px|30px|30px|true|true&#8220; box_shadow_style=&#8220;preset1&#8243; box_shadow_color=&#8220;rgba(96,118,128,0.38)&#8220; global_colors_info=&#8220;{}&#8220;][et_pb_column type=&#8220;1_2&#8243; _builder_version=&#8220;4.16&#8243; custom_padding=&#8220;|||&#8220; global_colors_info=&#8220;{}&#8220; custom_padding__hover=&#8220;|||&#8220;][et_pb_blurb title=&#8220;Handwerkerverband (FDA)&#8220; _builder_version=&#8220;4.16&#8243; header_font=&#8220;Roboto|600|||||||&#8220; header_text_align=&#8220;left&#8220; header_text_color=&#8220;#000000&#8243; header_font_size=&#8220;20px&#8220; header_line_height=&#8220;1.5em&#8220; body_font=&#8220;Roboto|300|||||||&#8220; body_text_align=&#8220;left&#8220; body_text_color=&#8220;#262f33&#8243; body_font_size=&#8220;18px&#8220; body_line_height=&#8220;1em&#8220; body_link_font=&#8220;Roboto||||on||||&#8220; body_link_text_color=&#8220;#262f33&#8243; body_link_font_size=&#8220;22px&#8220; animation=&#8220;off&#8220; body_font_size_tablet=&#8220;16px&#8220; body_font_size_phone=&#8220;15px&#8220; body_font_size_last_edited=&#8220;on|tablet&#8220; body_link_font_size_tablet=&#8220;&#8220; body_link_font_size_phone=&#8220;18px&#8220; body_link_font_size_last_edited=&#8220;on|phone&#8220; global_colors_info=&#8220;{}&#8220;]<\/p>\n<p><a href=\"http:\/\/%E2%80%A8www.fda.lu\" target=\"_blank\" rel=\"noopener\">fda.lu<\/a><\/p>\n<p>[\/et_pb_blurb][et_pb_text _builder_version=&#8220;4.16&#8243; header_2_font_size=&#8220;42px&#8220; header_2_font_size_tablet=&#8220;28px&#8220; header_2_font_size_phone=&#8220;22px&#8220; header_2_font_size_last_edited=&#8220;on|phone&#8220; global_colors_info=&#8220;{}&#8220;]<img decoding=\"async\" src=\"https:\/\/mewo.lu\/wp-content\/uploads\/2020\/06\/FDA.svg\" width=\"150\"><\/img>[\/et_pb_text][\/et_pb_column][et_pb_column type=&#8220;1_2&#8243; _builder_version=&#8220;4.16&#8243; custom_padding=&#8220;|||&#8220; global_colors_info=&#8220;{}&#8220; custom_padding__hover=&#8220;|||&#8220;][et_pb_blurb _builder_version=&#8220;4.16&#8243; header_font=&#8220;Futura Book|600|||||||&#8220; header_text_align=&#8220;left&#8220; header_text_color=&#8220;#000000&#8243; header_font_size=&#8220;18px&#8220; header_line_height=&#8220;0.8em&#8220; body_font=&#8220;Roboto|300|||||||&#8220; body_text_align=&#8220;left&#8220; body_text_color=&#8220;#262f33&#8243; body_font_size=&#8220;18px&#8220; body_line_height=&#8220;2em&#8220; animation=&#8220;off&#8220; body_font_size_tablet=&#8220;16px&#8220; body_font_size_phone=&#8220;15px&#8220; body_font_size_last_edited=&#8220;on|tablet&#8220; global_colors_info=&#8220;{}&#8220;]<\/p>\n<p>Seit 1905 ist die FDA die Dachorganisation des luxemburgischen Handwerks, in der 50 Berufsverb\u00e4nde zusammengeschlossen sind.<\/p>\n<p>[\/et_pb_blurb][\/et_pb_column][\/et_pb_row][et_pb_row column_structure=&#8220;1_2,1_2&#8243; use_custom_gutter=&#8220;on&#8220; gutter_width=&#8220;2&#8243; _builder_version=&#8220;4.16&#8243; custom_margin=&#8220;||30px||false|false&#8220; custom_padding=&#8220;30px|30px|30px|30px|true|true&#8220; box_shadow_style=&#8220;preset1&#8243; box_shadow_color=&#8220;rgba(96,118,128,0.38)&#8220; global_colors_info=&#8220;{}&#8220;][et_pb_column type=&#8220;1_2&#8243; _builder_version=&#8220;4.16&#8243; custom_padding=&#8220;|||&#8220; global_colors_info=&#8220;{}&#8220; custom_padding__hover=&#8220;|||&#8220;][et_pb_blurb title=&#8220;Handwerkskammer (CDM)&#8220; _builder_version=&#8220;4.16&#8243; header_font=&#8220;Roboto|600|||||||&#8220; header_text_align=&#8220;left&#8220; header_text_color=&#8220;#000000&#8243; header_font_size=&#8220;20px&#8220; header_line_height=&#8220;1.5em&#8220; body_font=&#8220;Roboto|300|||||||&#8220; body_text_align=&#8220;left&#8220; body_text_color=&#8220;#262f33&#8243; body_font_size=&#8220;18px&#8220; body_line_height=&#8220;1em&#8220; body_link_font=&#8220;Roboto||||on||||&#8220; body_link_text_color=&#8220;#262f33&#8243; body_link_font_size=&#8220;22px&#8220; animation=&#8220;off&#8220; body_font_size_tablet=&#8220;16px&#8220; body_font_size_phone=&#8220;15px&#8220; body_font_size_last_edited=&#8220;on|tablet&#8220; body_link_font_size_tablet=&#8220;&#8220; body_link_font_size_phone=&#8220;18px&#8220; body_link_font_size_last_edited=&#8220;on|phone&#8220; global_colors_info=&#8220;{}&#8220;]<\/p>\n<p><a href=\"http:\/\/%E2%80%A8www.cdm.lu\" target=\"_blank\" rel=\"noopener\">cdm.lu<\/a><\/p>\n<p>[\/et_pb_blurb][et_pb_text _builder_version=&#8220;4.16&#8243; header_2_font_size=&#8220;42px&#8220; header_2_font_size_tablet=&#8220;28px&#8220; header_2_font_size_phone=&#8220;22px&#8220; header_2_font_size_last_edited=&#8220;on|phone&#8220; global_colors_info=&#8220;{}&#8220;]<img decoding=\"async\" src=\"https:\/\/mewo.lu\/wp-content\/uploads\/2020\/06\/Chambre-des-me%CC%81tiers.jpeg\" width=\"200\"><\/img>[\/et_pb_text][\/et_pb_column][et_pb_column type=&#8220;1_2&#8243; _builder_version=&#8220;4.16&#8243; custom_padding=&#8220;|||&#8220; global_colors_info=&#8220;{}&#8220; custom_padding__hover=&#8220;|||&#8220;][et_pb_blurb _builder_version=&#8220;4.16&#8243; header_font=&#8220;Futura Book|600|||||||&#8220; header_text_align=&#8220;left&#8220; header_text_color=&#8220;#000000&#8243; header_font_size=&#8220;18px&#8220; header_line_height=&#8220;0.8em&#8220; body_font=&#8220;Roboto|300|||||||&#8220; body_text_align=&#8220;left&#8220; body_text_color=&#8220;#262f33&#8243; body_font_size=&#8220;18px&#8220; body_line_height=&#8220;2em&#8220; animation=&#8220;off&#8220; body_font_size_tablet=&#8220;16px&#8220; body_font_size_phone=&#8220;15px&#8220; body_font_size_last_edited=&#8220;on|tablet&#8220; global_colors_info=&#8220;{}&#8220;]<\/p>\n<p>Die CDM ist die Berufskammer des luxemburgischen Handwerks, die mehr als 150 Berufe vertritt.<\/p>\n<p>[\/et_pb_blurb][\/et_pb_column][\/et_pb_row][et_pb_row column_structure=&#8220;1_2,1_2&#8243; use_custom_gutter=&#8220;on&#8220; gutter_width=&#8220;2&#8243; _builder_version=&#8220;4.16&#8243; custom_padding=&#8220;30px|30px|30px|30px|true|true&#8220; box_shadow_style=&#8220;preset1&#8243; box_shadow_color=&#8220;rgba(96,118,128,0.38)&#8220; global_colors_info=&#8220;{}&#8220;][et_pb_column type=&#8220;1_2&#8243; _builder_version=&#8220;4.16&#8243; custom_padding=&#8220;|||&#8220; global_colors_info=&#8220;{}&#8220; custom_padding__hover=&#8220;|||&#8220;][et_pb_blurb title=&#8220;Portal des Handwerkerverbands&#8220; _builder_version=&#8220;4.16&#8243; header_font=&#8220;Roboto|600|||||||&#8220; header_text_align=&#8220;left&#8220; header_text_color=&#8220;#000000&#8243; header_font_size=&#8220;22px&#8220; header_line_height=&#8220;1.5em&#8220; body_font=&#8220;Roboto|300|||||||&#8220; body_text_align=&#8220;left&#8220; body_text_color=&#8220;#262f33&#8243; body_font_size=&#8220;18px&#8220; body_line_height=&#8220;1em&#8220; body_link_font=&#8220;Roboto||||on||||&#8220; body_link_text_color=&#8220;#262f33&#8243; body_link_font_size=&#8220;22px&#8220; animation=&#8220;off&#8220; body_font_size_tablet=&#8220;16px&#8220; body_font_size_phone=&#8220;15px&#8220; body_font_size_last_edited=&#8220;on|tablet&#8220; global_colors_info=&#8220;{}&#8220;]<\/p>\n<p><a href=\"https:\/\/wedo.lu\/\" target=\"_blank\" rel=\"noopener\">wedo.lu<\/a><\/p>\n<p>[\/et_pb_blurb][et_pb_text _builder_version=&#8220;4.16&#8243; header_2_font_size=&#8220;42px&#8220; header_2_font_size_tablet=&#8220;28px&#8220; header_2_font_size_phone=&#8220;22px&#8220; header_2_font_size_last_edited=&#8220;on|phone&#8220; global_colors_info=&#8220;{}&#8220;]<img decoding=\"async\" src=\"https:\/\/mewo.lu\/wp-content\/uploads\/2020\/06\/Wedo.svg\" width=\"200\"><\/img>[\/et_pb_text][\/et_pb_column][et_pb_column type=&#8220;1_2&#8243; _builder_version=&#8220;4.16&#8243; custom_padding=&#8220;|||&#8220; global_colors_info=&#8220;{}&#8220; custom_padding__hover=&#8220;|||&#8220;][et_pb_blurb _builder_version=&#8220;4.16&#8243; header_font=&#8220;Futura Book|600|||||||&#8220; header_text_align=&#8220;left&#8220; header_text_color=&#8220;#000000&#8243; header_font_size=&#8220;18px&#8220; header_line_height=&#8220;0.8em&#8220; body_font=&#8220;Roboto|300|||||||&#8220; body_text_align=&#8220;left&#8220; body_text_color=&#8220;#262f33&#8243; body_font_size=&#8220;18px&#8220; body_line_height=&#8220;2em&#8220; animation=&#8220;off&#8220; body_font_size_tablet=&#8220;16px&#8220; body_font_size_phone=&#8220;15px&#8220; body_font_size_last_edited=&#8220;on|tablet&#8220; global_colors_info=&#8220;{}&#8220;]<\/p>\n<p>Wedo.lu ist das Portal f\u00fcr Handwerker in Luxemburg. Wedo.lu umfasst rund 3000 Handwerksbetriebe in Luxemburg und erm\u00f6glicht es Ihnen, den idealen Partner f\u00fcr Ihr Projekt zu finden. Wedo.lu bietet auch Stellenangebote im Handwerk und andere Dienstleistungen, die den Mitgliedern gewidmet sind.<\/p>\n<p>[\/et_pb_blurb][\/et_pb_column][\/et_pb_row][\/et_pb_section][et_pb_section fb_built=&#8220;1&#8243; _builder_version=&#8220;4.16&#8243; background_enable_color=&#8220;off&#8220; custom_padding=&#8220;0px|0px|0px|0px|true|false&#8220; collapsed=&#8220;on&#8220; global_colors_info=&#8220;{}&#8220;][et_pb_row _builder_version=&#8220;4.16&#8243; width_tablet=&#8220;&#8220; width_phone=&#8220;90%&#8220; width_last_edited=&#8220;on|phone&#8220; custom_padding=&#8220;0px||0px||true|false&#8220; global_colors_info=&#8220;{}&#8220;][et_pb_column type=&#8220;4_4&#8243; _builder_version=&#8220;4.16&#8243; custom_padding=&#8220;|||&#8220; global_colors_info=&#8220;{}&#8220; custom_padding__hover=&#8220;|||&#8220;][et_pb_text _builder_version=&#8220;4.20.4&#8243; text_font=&#8220;Roboto||||||||&#8220; text_text_color=&#8220;#262f33&#8243; header_2_font=&#8220;Futura Medium bt||||||||&#8220; header_2_font_size=&#8220;42px&#8220; custom_padding=&#8220;|||&#8220; header_2_font_size_tablet=&#8220;28px&#8220; header_2_font_size_phone=&#8220;22px&#8220; header_2_font_size_last_edited=&#8220;on|phone&#8220; global_colors_info=&#8220;{}&#8220;]<\/p>\n<h2>Internationale Einrichtungen<\/h2>\n<p>[\/et_pb_text][et_pb_divider divider_weight=&#8220;2px&#8220; _builder_version=&#8220;4.16&#8243; max_width=&#8220;30px&#8220; module_alignment=&#8220;left&#8220; custom_margin=&#8220;-2px||||false|false&#8220; custom_margin_tablet=&#8220;-12px||||false|false&#8220; custom_margin_phone=&#8220;-12px||||false|false&#8220; custom_margin_last_edited=&#8220;on|phone&#8220; global_colors_info=&#8220;{}&#8220;][\/et_pb_divider][\/et_pb_column][\/et_pb_row][et_pb_row column_structure=&#8220;1_2,1_2&#8243; use_custom_gutter=&#8220;on&#8220; gutter_width=&#8220;2&#8243; _builder_version=&#8220;4.16&#8243; custom_margin=&#8220;||30px||false|false&#8220; custom_padding=&#8220;30px|30px|30px|30px|true|true&#8220; box_shadow_style=&#8220;preset1&#8243; box_shadow_color=&#8220;rgba(96,118,128,0.38)&#8220; global_colors_info=&#8220;{}&#8220;][et_pb_column type=&#8220;1_2&#8243; _builder_version=&#8220;4.16&#8243; custom_padding=&#8220;|||&#8220; global_colors_info=&#8220;{}&#8220; custom_padding__hover=&#8220;|||&#8220;][et_pb_blurb title=&#8220;Europ\u00e4isches B\u00fcro f\u00fcr Normung des Handwerks und der Klein- und Mittelbetriebe (NORMAPME)&#8220; _builder_version=&#8220;4.16&#8243; header_font=&#8220;Roboto|600|||||||&#8220; header_text_align=&#8220;left&#8220; header_text_color=&#8220;#000000&#8243; header_font_size=&#8220;20px&#8220; header_line_height=&#8220;1.5em&#8220; body_font=&#8220;Roboto|300|||||||&#8220; body_text_align=&#8220;left&#8220; body_text_color=&#8220;#262f33&#8243; body_font_size=&#8220;18px&#8220; body_line_height=&#8220;1em&#8220; body_link_font=&#8220;Roboto||||on||||&#8220; body_link_text_color=&#8220;#262f33&#8243; body_link_font_size=&#8220;22px&#8220; animation=&#8220;off&#8220; body_font_size_tablet=&#8220;16px&#8220; body_font_size_phone=&#8220;15px&#8220; body_font_size_last_edited=&#8220;on|tablet&#8220; body_link_font_size_tablet=&#8220;&#8220; body_link_font_size_phone=&#8220;18px&#8220; body_link_font_size_last_edited=&#8220;on|phone&#8220; global_colors_info=&#8220;{}&#8220;]<\/p>\n<p><a href=\"http:\/\/www.normapme.com\" target=\"_blank\" rel=\"noopener\">normapme.com<\/a><\/p>\n<p>[\/et_pb_blurb][et_pb_text _builder_version=&#8220;4.16&#8243; header_2_font_size=&#8220;42px&#8220; header_2_font_size_tablet=&#8220;28px&#8220; header_2_font_size_phone=&#8220;22px&#8220; header_2_font_size_last_edited=&#8220;on|phone&#8220; global_colors_info=&#8220;{}&#8220;]<img decoding=\"async\" src=\"https:\/\/mewo.lu\/wp-content\/uploads\/2020\/06\/Norm-APME.png\" width=\"100\"><\/img>[\/et_pb_text][\/et_pb_column][et_pb_column type=&#8220;1_2&#8243; _builder_version=&#8220;4.16&#8243; custom_padding=&#8220;|||&#8220; global_colors_info=&#8220;{}&#8220; custom_padding__hover=&#8220;|||&#8220;][et_pb_blurb _builder_version=&#8220;4.16&#8243; header_font=&#8220;Futura Book|600|||||||&#8220; header_text_align=&#8220;left&#8220; header_text_color=&#8220;#000000&#8243; header_font_size=&#8220;18px&#8220; header_line_height=&#8220;0.8em&#8220; body_font=&#8220;Roboto|300|||||||&#8220; body_text_align=&#8220;left&#8220; body_text_color=&#8220;#262f33&#8243; body_font_size=&#8220;18px&#8220; body_line_height=&#8220;2em&#8220; animation=&#8220;off&#8220; body_font_size_tablet=&#8220;16px&#8220; body_font_size_phone=&#8220;15px&#8220; body_font_size_last_edited=&#8220;on|tablet&#8220; global_colors_info=&#8220;{}&#8220;]<\/p>\n<p>NORMAPME vertritt die Interessen von KMU im Normungsprozess.<\/p>\n<p>[\/et_pb_blurb][\/et_pb_column][\/et_pb_row][\/et_pb_section][et_pb_section fb_built=&#8220;1&#8243; _builder_version=&#8220;4.16&#8243; background_enable_color=&#8220;off&#8220; custom_padding=&#8220;0px|0px|0px|0px|true|false&#8220; collapsed=&#8220;on&#8220; global_colors_info=&#8220;{}&#8220;][et_pb_row _builder_version=&#8220;4.16&#8243; width_tablet=&#8220;&#8220; width_phone=&#8220;90%&#8220; width_last_edited=&#8220;on|phone&#8220; custom_padding=&#8220;0px||0px||true|false&#8220; global_colors_info=&#8220;{}&#8220;][et_pb_column type=&#8220;4_4&#8243; _builder_version=&#8220;4.16&#8243; custom_padding=&#8220;|||&#8220; global_colors_info=&#8220;{}&#8220; custom_padding__hover=&#8220;|||&#8220;][et_pb_text _builder_version=&#8220;4.16&#8243; text_font=&#8220;Roboto||||||||&#8220; text_text_color=&#8220;#262f33&#8243; header_2_font=&#8220;Futura Medium bt||||||||&#8220; header_2_font_size=&#8220;42px&#8220; custom_padding=&#8220;|||&#8220; header_2_font_size_tablet=&#8220;28px&#8220; header_2_font_size_phone=&#8220;22px&#8220; header_2_font_size_last_edited=&#8220;on|phone&#8220; global_colors_info=&#8220;{}&#8220;]<\/p>\n<h2>Ausbildungen &amp; Jobs<\/h2>\n<p>[\/et_pb_text][et_pb_divider divider_weight=&#8220;2px&#8220; _builder_version=&#8220;4.16&#8243; max_width=&#8220;30px&#8220; module_alignment=&#8220;left&#8220; custom_margin=&#8220;-2px||||false|false&#8220; custom_margin_tablet=&#8220;-12px||||false|false&#8220; custom_margin_phone=&#8220;-12px||||false|false&#8220; custom_margin_last_edited=&#8220;on|phone&#8220; global_colors_info=&#8220;{}&#8220;][\/et_pb_divider][\/et_pb_column][\/et_pb_row][et_pb_row column_structure=&#8220;1_2,1_2&#8243; use_custom_gutter=&#8220;on&#8220; gutter_width=&#8220;2&#8243; _builder_version=&#8220;4.16&#8243; custom_margin=&#8220;||30px||false|false&#8220; custom_padding=&#8220;30px|30px|30px|30px|true|true&#8220; box_shadow_style=&#8220;preset1&#8243; box_shadow_color=&#8220;rgba(96,118,128,0.38)&#8220; global_colors_info=&#8220;{}&#8220;][et_pb_column type=&#8220;1_2&#8243; _builder_version=&#8220;4.16&#8243; custom_padding=&#8220;|||&#8220; global_colors_info=&#8220;{}&#8220; custom_padding__hover=&#8220;|||&#8220;][et_pb_blurb title=&#8220;Bildungsministerium (Minist\u00e8re de l&#8217;Education Nationale, MEN)&#8220; _builder_version=&#8220;4.16&#8243; header_font=&#8220;Roboto|600|||||||&#8220; header_text_align=&#8220;left&#8220; header_text_color=&#8220;#000000&#8243; header_font_size=&#8220;20px&#8220; header_line_height=&#8220;1.5em&#8220; body_font=&#8220;Roboto|300|||||||&#8220; body_text_align=&#8220;left&#8220; body_text_color=&#8220;#262f33&#8243; body_font_size=&#8220;18px&#8220; body_line_height=&#8220;1em&#8220; body_link_font=&#8220;Roboto||||on||||&#8220; body_link_text_color=&#8220;#262f33&#8243; body_link_font_size=&#8220;22px&#8220; animation=&#8220;off&#8220; body_font_size_tablet=&#8220;16px&#8220; body_font_size_phone=&#8220;15px&#8220; body_font_size_last_edited=&#8220;on|tablet&#8220; body_link_font_size_tablet=&#8220;&#8220; body_link_font_size_phone=&#8220;18px&#8220; body_link_font_size_last_edited=&#8220;on|phone&#8220; global_colors_info=&#8220;{}&#8220;]<\/p>\n<p><a href=\"http:\/\/www.men.public.lu\" target=\"_blank\" rel=\"noopener\">men.public.lu<\/a><\/p>\n<p>[\/et_pb_blurb][et_pb_text _builder_version=&#8220;4.16&#8243; header_2_font_size=&#8220;42px&#8220; header_2_font_size_tablet=&#8220;28px&#8220; header_2_font_size_phone=&#8220;22px&#8220; header_2_font_size_last_edited=&#8220;on|phone&#8220; global_colors_info=&#8220;{}&#8220;]<img decoding=\"async\" src=\"https:\/\/mewo.lu\/wp-content\/uploads\/2020\/06\/men.lu_.gif\" width=\"150\"><\/img>[\/et_pb_text][\/et_pb_column][et_pb_column type=&#8220;1_2&#8243; _builder_version=&#8220;4.16&#8243; custom_padding=&#8220;|||&#8220; global_colors_info=&#8220;{}&#8220; custom_padding__hover=&#8220;|||&#8220;][et_pb_blurb _builder_version=&#8220;4.16&#8243; header_font=&#8220;Futura Book|600|||||||&#8220; header_text_align=&#8220;left&#8220; header_text_color=&#8220;#000000&#8243; header_font_size=&#8220;18px&#8220; header_line_height=&#8220;0.8em&#8220; body_font=&#8220;Roboto|300|||||||&#8220; body_text_align=&#8220;left&#8220; body_text_color=&#8220;#262f33&#8243; body_font_size=&#8220;18px&#8220; body_line_height=&#8220;2em&#8220; animation=&#8220;off&#8220; body_font_size_tablet=&#8220;16px&#8220; body_font_size_phone=&#8220;15px&#8220; body_font_size_last_edited=&#8220;on|tablet&#8220; global_colors_info=&#8220;{}&#8220;]<\/p>\n<p>Das MEN ist f\u00fcr die Planung und Verwaltung des gesamten Bildungsangebots in Luxemburg (au\u00dfer der Hochschulbildung) zust\u00e4ndig.<\/p>\n<p>[\/et_pb_blurb][\/et_pb_column][\/et_pb_row][et_pb_row column_structure=&#8220;1_2,1_2&#8243; use_custom_gutter=&#8220;on&#8220; gutter_width=&#8220;2&#8243; _builder_version=&#8220;4.16&#8243; custom_margin=&#8220;||30px||false|false&#8220; custom_padding=&#8220;30px|30px|30px|30px|true|true&#8220; box_shadow_style=&#8220;preset1&#8243; box_shadow_color=&#8220;rgba(96,118,128,0.38)&#8220; global_colors_info=&#8220;{}&#8220;][et_pb_column type=&#8220;1_2&#8243; _builder_version=&#8220;4.16&#8243; custom_padding=&#8220;|||&#8220; global_colors_info=&#8220;{}&#8220; custom_padding__hover=&#8220;|||&#8220;][et_pb_blurb title=&#8220;Ministerium f\u00fcr Arbeit, Besch\u00e4ftigung und Sozialwirtschaft (MTE)&#8220; _builder_version=&#8220;4.16&#8243; header_font=&#8220;Roboto|600|||||||&#8220; header_text_align=&#8220;left&#8220; header_text_color=&#8220;#000000&#8243; header_font_size=&#8220;20px&#8220; header_line_height=&#8220;1.5em&#8220; body_font=&#8220;Roboto|300|||||||&#8220; body_text_align=&#8220;left&#8220; body_text_color=&#8220;#262f33&#8243; body_font_size=&#8220;18px&#8220; body_line_height=&#8220;1em&#8220; body_link_font=&#8220;Roboto||||on||||&#8220; body_link_text_color=&#8220;#262f33&#8243; body_link_font_size=&#8220;22px&#8220; animation=&#8220;off&#8220; body_font_size_tablet=&#8220;16px&#8220; body_font_size_phone=&#8220;15px&#8220; body_font_size_last_edited=&#8220;on|tablet&#8220; body_link_font_size_tablet=&#8220;&#8220; body_link_font_size_phone=&#8220;18px&#8220; body_link_font_size_last_edited=&#8220;on|phone&#8220; global_colors_info=&#8220;{}&#8220;]<\/p>\n<p><a href=\"http:\/\/www.mte.public.lu\" target=\"_blank\" rel=\"noopener\">mte.public.lu<\/a><\/p>\n<p>[\/et_pb_blurb][et_pb_text _builder_version=&#8220;4.16&#8243; header_2_font_size=&#8220;42px&#8220; header_2_font_size_tablet=&#8220;28px&#8220; header_2_font_size_phone=&#8220;22px&#8220; header_2_font_size_last_edited=&#8220;on|phone&#8220; global_colors_info=&#8220;{}&#8220;]<img decoding=\"async\" src=\"https:\/\/mewo.lu\/wp-content\/uploads\/2020\/06\/MTE-public.jpg\" width=\"250\"><\/img>[\/et_pb_text][\/et_pb_column][et_pb_column type=&#8220;1_2&#8243; _builder_version=&#8220;4.16&#8243; custom_padding=&#8220;|||&#8220; global_colors_info=&#8220;{}&#8220; custom_padding__hover=&#8220;|||&#8220;][et_pb_blurb _builder_version=&#8220;4.16&#8243; header_font=&#8220;Futura Book|600|||||||&#8220; header_text_align=&#8220;left&#8220; header_text_color=&#8220;#000000&#8243; header_font_size=&#8220;18px&#8220; header_line_height=&#8220;0.8em&#8220; body_font=&#8220;Roboto|300|||||||&#8220; body_text_align=&#8220;left&#8220; body_text_color=&#8220;#262f33&#8243; body_font_size=&#8220;18px&#8220; body_line_height=&#8220;2em&#8220; animation=&#8220;off&#8220; body_font_size_tablet=&#8220;16px&#8220; body_font_size_phone=&#8220;15px&#8220; body_font_size_last_edited=&#8220;on|tablet&#8220; global_colors_info=&#8220;{}&#8220;]<\/p>\n<p>Das Arbeitsministerium ist f\u00fcr zwei verschiedene Politikbereiche zust\u00e4ndig. Dabei handelt es sich zum einen um die besch\u00e4ftigungsrelevanten Politikbereiche und zum anderen um den Bereich Arbeitsrecht und Arbeitsbeziehungen.<\/p>\n<p>[\/et_pb_blurb][\/et_pb_column][\/et_pb_row][et_pb_row column_structure=&#8220;1_2,1_2&#8243; use_custom_gutter=&#8220;on&#8220; gutter_width=&#8220;2&#8243; _builder_version=&#8220;4.16&#8243; custom_margin=&#8220;||30px||false|false&#8220; custom_padding=&#8220;30px|30px|30px|30px|true|true&#8220; box_shadow_style=&#8220;preset1&#8243; box_shadow_color=&#8220;rgba(96,118,128,0.38)&#8220; global_colors_info=&#8220;{}&#8220;][et_pb_column type=&#8220;1_2&#8243; _builder_version=&#8220;4.16&#8243; custom_padding=&#8220;|||&#8220; global_colors_info=&#8220;{}&#8220; custom_padding__hover=&#8220;|||&#8220;][et_pb_blurb title=&#8220;Administration de l&#8217;Emploi (ADEM) (Arbeitsverwaltung)&#8220; _builder_version=&#8220;4.16&#8243; header_font=&#8220;Roboto|600|||||||&#8220; header_text_align=&#8220;left&#8220; header_text_color=&#8220;#000000&#8243; header_font_size=&#8220;20px&#8220; header_line_height=&#8220;1.5em&#8220; body_font=&#8220;Roboto|300|||||||&#8220; body_text_align=&#8220;left&#8220; body_text_color=&#8220;#262f33&#8243; body_font_size=&#8220;18px&#8220; body_line_height=&#8220;1em&#8220; body_link_font=&#8220;Roboto||||on||||&#8220; body_link_text_color=&#8220;#262f33&#8243; body_link_font_size=&#8220;22px&#8220; animation=&#8220;off&#8220; body_font_size_tablet=&#8220;16px&#8220; body_font_size_phone=&#8220;15px&#8220; body_font_size_last_edited=&#8220;on|tablet&#8220; body_link_font_size_tablet=&#8220;&#8220; body_link_font_size_phone=&#8220;18px&#8220; body_link_font_size_last_edited=&#8220;on|phone&#8220; global_colors_info=&#8220;{}&#8220;]<\/p>\n<p><a href=\"http:\/\/www.adem.public.lu\" target=\"_blank\" rel=\"noopener\">adem.public.lu<\/a><\/p>\n<p>[\/et_pb_blurb][et_pb_text _builder_version=&#8220;4.16&#8243; header_2_font_size=&#8220;42px&#8220; header_2_font_size_tablet=&#8220;28px&#8220; header_2_font_size_phone=&#8220;22px&#8220; header_2_font_size_last_edited=&#8220;on|phone&#8220; global_colors_info=&#8220;{}&#8220;]<img decoding=\"async\" src=\"https:\/\/mewo.lu\/wp-content\/uploads\/2020\/06\/adem.jpg\" width=\"150\"><\/img>[\/et_pb_text][\/et_pb_column][et_pb_column type=&#8220;1_2&#8243; _builder_version=&#8220;4.16&#8243; custom_padding=&#8220;|||&#8220; global_colors_info=&#8220;{}&#8220; custom_padding__hover=&#8220;|||&#8220;][et_pb_blurb _builder_version=&#8220;4.16&#8243; header_font=&#8220;Futura Book|600|||||||&#8220; header_text_align=&#8220;left&#8220; header_text_color=&#8220;#000000&#8243; header_font_size=&#8220;18px&#8220; header_line_height=&#8220;0.8em&#8220; body_font=&#8220;Roboto|300|||||||&#8220; body_text_align=&#8220;left&#8220; body_text_color=&#8220;#262f33&#8243; body_font_size=&#8220;18px&#8220; body_line_height=&#8220;2em&#8220; body_ul_line_height=&#8220;1.8em&#8220; animation=&#8220;off&#8220; body_font_size_tablet=&#8220;16px&#8220; body_font_size_phone=&#8220;15px&#8220; body_font_size_last_edited=&#8220;on|tablet&#8220; global_colors_info=&#8220;{}&#8220;]<\/p>\n<p>Die ADEM ist der Ansprechpartner f\u00fcr alle Akteure des Arbeitsmarktes.<\/p>\n<p>ADEM hilft Arbeitgebern bei :<\/p>\n<ul>\n<li>freie Stellen ver\u00f6ffentlichen<\/li>\n<li>Arbeitslosengeld zuteilen<br \/>  einen Arbeitssuchenden suchen und einstellen<\/li>\n<li>Lehrlinge ausbilden<\/li>\n<li>einen behinderten Arbeitnehmer einstellen<\/li>\n<li>einen Arbeitnehmer einstellen, der einen externen Eingliederungsbeschluss erhalten hat<\/li>\n<li>einen Jugendlichen einstellen<\/li>\n<li>einen Nicht-EU-B\u00fcrger einstellen (Arbeitserlaubnis)<\/li>\n<li>Ma\u00dfnahmen vorschlagen, um die Besch\u00e4ftigung zu erhalten und Entlassungen zu vermeiden<\/li>\n<\/ul>\n<p>[\/et_pb_blurb][\/et_pb_column][\/et_pb_row][et_pb_row column_structure=&#8220;1_2,1_2&#8243; use_custom_gutter=&#8220;on&#8220; gutter_width=&#8220;2&#8243; _builder_version=&#8220;4.16&#8243; custom_margin=&#8220;||30px||false|false&#8220; custom_padding=&#8220;30px|30px|30px|30px|true|true&#8220; box_shadow_style=&#8220;preset1&#8243; box_shadow_color=&#8220;rgba(96,118,128,0.38)&#8220; global_colors_info=&#8220;{}&#8220;][et_pb_column type=&#8220;1_2&#8243; _builder_version=&#8220;4.16&#8243; custom_padding=&#8220;|||&#8220; global_colors_info=&#8220;{}&#8220; custom_padding__hover=&#8220;|||&#8220;][et_pb_blurb title=&#8220;Portal f\u00fcr Weiterbildung&#8220; _builder_version=&#8220;4.16&#8243; header_font=&#8220;Roboto|600|||||||&#8220; header_text_align=&#8220;left&#8220; header_text_color=&#8220;#000000&#8243; header_font_size=&#8220;20px&#8220; header_line_height=&#8220;1.5em&#8220; body_font=&#8220;Roboto|300|||||||&#8220; body_text_align=&#8220;left&#8220; body_text_color=&#8220;#262f33&#8243; body_font_size=&#8220;18px&#8220; body_line_height=&#8220;1em&#8220; body_link_font=&#8220;Roboto||||on||||&#8220; body_link_text_color=&#8220;#262f33&#8243; body_link_font_size=&#8220;22px&#8220; animation=&#8220;off&#8220; body_font_size_tablet=&#8220;16px&#8220; body_font_size_phone=&#8220;15px&#8220; body_font_size_last_edited=&#8220;on|tablet&#8220; body_link_font_size_tablet=&#8220;&#8220; body_link_font_size_phone=&#8220;18px&#8220; body_link_font_size_last_edited=&#8220;on|phone&#8220; global_colors_info=&#8220;{}&#8220;]<\/p>\n<p><a href=\"http:\/\/www.lifelong-learning.lu\" target=\"_blank\" rel=\"noopener\">lifelong-learning.lu<\/a><\/p>\n<p>[\/et_pb_blurb][et_pb_text _builder_version=&#8220;4.16&#8243; header_2_font_size=&#8220;42px&#8220; header_2_font_size_tablet=&#8220;28px&#8220; header_2_font_size_phone=&#8220;22px&#8220; header_2_font_size_last_edited=&#8220;on|phone&#8220; global_colors_info=&#8220;{}&#8220;]<img decoding=\"async\" src=\"https:\/\/mewo.lu\/wp-content\/uploads\/2020\/06\/lifelong.png\" width=\"150\"><\/img>[\/et_pb_text][\/et_pb_column][et_pb_column type=&#8220;1_2&#8243; _builder_version=&#8220;4.16&#8243; custom_padding=&#8220;|||&#8220; global_colors_info=&#8220;{}&#8220; custom_padding__hover=&#8220;|||&#8220;][et_pb_blurb _builder_version=&#8220;4.16&#8243; header_font=&#8220;Futura Book|600|||||||&#8220; header_text_align=&#8220;left&#8220; header_text_color=&#8220;#000000&#8243; header_font_size=&#8220;18px&#8220; header_line_height=&#8220;0.8em&#8220; body_font=&#8220;Roboto|300|||||||&#8220; body_text_align=&#8220;left&#8220; body_text_color=&#8220;#262f33&#8243; body_font_size=&#8220;18px&#8220; body_line_height=&#8220;2em&#8220; animation=&#8220;off&#8220; body_font_size_tablet=&#8220;16px&#8220; body_font_size_phone=&#8220;15px&#8220; body_font_size_last_edited=&#8220;on|tablet&#8220; global_colors_info=&#8220;{}&#8220;]<\/p>\n<p>Referenzseite f\u00fcr Bildung in Luxemburg, die Zugang zu mehr als 6000 Bildungsangeboten bietet.<\/p>\n<p>[\/et_pb_blurb][\/et_pb_column][\/et_pb_row][et_pb_row column_structure=&#8220;1_2,1_2&#8243; use_custom_gutter=&#8220;on&#8220; gutter_width=&#8220;2&#8243; _builder_version=&#8220;4.16&#8243; custom_margin=&#8220;||30px||false|false&#8220; custom_padding=&#8220;30px|30px|30px|30px|true|true&#8220; box_shadow_style=&#8220;preset1&#8243; box_shadow_color=&#8220;rgba(96,118,128,0.38)&#8220; global_colors_info=&#8220;{}&#8220;][et_pb_column type=&#8220;1_2&#8243; _builder_version=&#8220;4.16&#8243; custom_padding=&#8220;|||&#8220; global_colors_info=&#8220;{}&#8220; custom_padding__hover=&#8220;|||&#8220;][et_pb_blurb title=&#8220;Lyc\u00e9e Guillaume Kroll (LGK)&#8220; _builder_version=&#8220;4.16&#8243; header_font=&#8220;Roboto|600|||||||&#8220; header_text_align=&#8220;left&#8220; header_text_color=&#8220;#000000&#8243; header_font_size=&#8220;20px&#8220; header_line_height=&#8220;1.5em&#8220; body_font=&#8220;Roboto|300|||||||&#8220; body_text_align=&#8220;left&#8220; body_text_color=&#8220;#262f33&#8243; body_font_size=&#8220;18px&#8220; body_line_height=&#8220;1em&#8220; body_link_font=&#8220;Roboto||||on||||&#8220; body_link_text_color=&#8220;#262f33&#8243; body_link_font_size=&#8220;22px&#8220; animation=&#8220;off&#8220; body_font_size_tablet=&#8220;16px&#8220; body_font_size_phone=&#8220;15px&#8220; body_font_size_last_edited=&#8220;on|tablet&#8220; body_link_font_size_tablet=&#8220;&#8220; body_link_font_size_phone=&#8220;18px&#8220; body_link_font_size_last_edited=&#8220;on|phone&#8220; global_colors_info=&#8220;{}&#8220;]<\/p>\n<p><a href=\"https:\/\/www.lgk.lu\/\" target=\"_blank\" rel=\"noopener\">lgk.lu<\/a><\/p>\n<p>[\/et_pb_blurb][et_pb_text _builder_version=&#8220;4.16&#8243; header_2_font_size=&#8220;42px&#8220; header_2_font_size_tablet=&#8220;28px&#8220; header_2_font_size_phone=&#8220;22px&#8220; header_2_font_size_last_edited=&#8220;on|phone&#8220; global_colors_info=&#8220;{}&#8220;]<img decoding=\"async\" src=\"https:\/\/mewo.lu\/wp-content\/uploads\/2020\/06\/Lyce%CC%81e-Guillaume-Kroll.png\" width=\"150\"><\/img>[\/et_pb_text][\/et_pb_column][et_pb_column type=&#8220;1_2&#8243; _builder_version=&#8220;4.16&#8243; custom_padding=&#8220;|||&#8220; global_colors_info=&#8220;{}&#8220; custom_padding__hover=&#8220;|||&#8220;][et_pb_blurb _builder_version=&#8220;4.16&#8243; header_font=&#8220;Futura Book|600|||||||&#8220; header_text_align=&#8220;left&#8220; header_text_color=&#8220;#000000&#8243; header_font_size=&#8220;18px&#8220; header_line_height=&#8220;0.8em&#8220; body_font=&#8220;Roboto|300|||||||&#8220; body_text_align=&#8220;left&#8220; body_text_color=&#8220;#262f33&#8243; body_font_size=&#8220;18px&#8220; body_line_height=&#8220;2em&#8220; animation=&#8220;off&#8220; body_font_size_tablet=&#8220;16px&#8220; body_font_size_phone=&#8220;15px&#8220; body_font_size_last_edited=&#8220;on|tablet&#8220; global_colors_info=&#8220;{}&#8220;]<\/p>\n<p>Webseite des Lyc\u00e9e Guillaume Kroll in <span class=\"LrzXr\">Esch-sur-Alzette<\/span><\/p>\n<p>[\/et_pb_blurb][\/et_pb_column][\/et_pb_row][et_pb_row column_structure=&#8220;1_2,1_2&#8243; use_custom_gutter=&#8220;on&#8220; gutter_width=&#8220;2&#8243; _builder_version=&#8220;4.16&#8243; custom_margin=&#8220;||30px||false|false&#8220; custom_padding=&#8220;30px|30px|30px|30px|true|true&#8220; box_shadow_style=&#8220;preset1&#8243; box_shadow_color=&#8220;rgba(96,118,128,0.38)&#8220; global_colors_info=&#8220;{}&#8220;][et_pb_column type=&#8220;1_2&#8243; _builder_version=&#8220;4.16&#8243; custom_padding=&#8220;|||&#8220; global_colors_info=&#8220;{}&#8220; custom_padding__hover=&#8220;|||&#8220;][et_pb_blurb title=&#8220;Lyc\u00e9e Technique Priv\u00e9 Emile Metz (LTPEM)&#8220; _builder_version=&#8220;4.16&#8243; header_font=&#8220;Roboto|600|||||||&#8220; header_text_align=&#8220;left&#8220; header_text_color=&#8220;#000000&#8243; header_font_size=&#8220;20px&#8220; header_line_height=&#8220;1.5em&#8220; body_font=&#8220;Roboto|300|||||||&#8220; body_text_align=&#8220;left&#8220; body_text_color=&#8220;#262f33&#8243; body_font_size=&#8220;18px&#8220; body_line_height=&#8220;1em&#8220; body_link_font=&#8220;Roboto||||on||||&#8220; body_link_text_color=&#8220;#262f33&#8243; body_link_font_size=&#8220;22px&#8220; animation=&#8220;off&#8220; body_font_size_tablet=&#8220;16px&#8220; body_font_size_phone=&#8220;15px&#8220; body_font_size_last_edited=&#8220;on|tablet&#8220; body_link_font_size_tablet=&#8220;&#8220; body_link_font_size_phone=&#8220;18px&#8220; body_link_font_size_last_edited=&#8220;on|phone&#8220; global_colors_info=&#8220;{}&#8220;]<\/p>\n<p><a href=\"http:\/\/www.ltpem.lu\" target=\"_blank\" rel=\"noopener\">ltpem.lu<\/a><\/p>\n<p>[\/et_pb_blurb][et_pb_text _builder_version=&#8220;4.16&#8243; header_2_font_size=&#8220;42px&#8220; header_2_font_size_tablet=&#8220;28px&#8220; header_2_font_size_phone=&#8220;22px&#8220; header_2_font_size_last_edited=&#8220;on|phone&#8220; global_colors_info=&#8220;{}&#8220;]<img decoding=\"async\" src=\"https:\/\/mewo.lu\/wp-content\/uploads\/2020\/06\/lyce%CC%81e-emile-metz.png\" width=\"150\"><\/img>[\/et_pb_text][\/et_pb_column][et_pb_column type=&#8220;1_2&#8243; _builder_version=&#8220;4.16&#8243; custom_padding=&#8220;|||&#8220; global_colors_info=&#8220;{}&#8220; custom_padding__hover=&#8220;|||&#8220;][et_pb_blurb _builder_version=&#8220;4.16&#8243; header_font=&#8220;Futura Book|600|||||||&#8220; header_text_align=&#8220;left&#8220; header_text_color=&#8220;#000000&#8243; header_font_size=&#8220;18px&#8220; header_line_height=&#8220;0.8em&#8220; body_font=&#8220;Roboto|300|||||||&#8220; body_text_align=&#8220;left&#8220; body_text_color=&#8220;#262f33&#8243; body_font_size=&#8220;18px&#8220; body_line_height=&#8220;2em&#8220; animation=&#8220;off&#8220; body_font_size_tablet=&#8220;16px&#8220; body_font_size_phone=&#8220;15px&#8220; body_font_size_last_edited=&#8220;on|tablet&#8220; global_colors_info=&#8220;{}&#8220;]<\/p>\n<p>Das Lyc\u00e9e technique Emile Metz (LTPEM) ist eine private gemischte Einrichtung, die sich auf die technische und berufliche Ausbildung konzentriert. Die Schule bietet Fachunterricht in den Bereichen Mechanik, Elektrotechnik und Holzverarbeitung in der Berufsschule und in der Technikerausbildung.<\/p>\n<p>[\/et_pb_blurb][\/et_pb_column][\/et_pb_row][et_pb_row column_structure=&#8220;1_2,1_2&#8243; use_custom_gutter=&#8220;on&#8220; gutter_width=&#8220;2&#8243; _builder_version=&#8220;4.16&#8243; custom_margin=&#8220;||30px||false|false&#8220; custom_padding=&#8220;30px|30px|30px|30px|true|true&#8220; box_shadow_style=&#8220;preset1&#8243; box_shadow_color=&#8220;rgba(96,118,128,0.38)&#8220; global_colors_info=&#8220;{}&#8220;][et_pb_column type=&#8220;1_2&#8243; _builder_version=&#8220;4.16&#8243; custom_padding=&#8220;|||&#8220; global_colors_info=&#8220;{}&#8220; custom_padding__hover=&#8220;|||&#8220;][et_pb_blurb title=&#8220;Lyc\u00e9e du Nord (LNW)&#8220; _builder_version=&#8220;4.16&#8243; header_font=&#8220;Roboto|600|||||||&#8220; header_text_align=&#8220;left&#8220; header_text_color=&#8220;#000000&#8243; header_font_size=&#8220;20px&#8220; header_line_height=&#8220;1.5em&#8220; body_font=&#8220;Roboto|300|||||||&#8220; body_text_align=&#8220;left&#8220; body_text_color=&#8220;#262f33&#8243; body_font_size=&#8220;18px&#8220; body_line_height=&#8220;1em&#8220; body_link_font=&#8220;Roboto||||on||||&#8220; body_link_text_color=&#8220;#262f33&#8243; body_link_font_size=&#8220;22px&#8220; animation=&#8220;off&#8220; body_font_size_tablet=&#8220;16px&#8220; body_font_size_phone=&#8220;15px&#8220; body_font_size_last_edited=&#8220;on|tablet&#8220; body_link_font_size_tablet=&#8220;&#8220; body_link_font_size_phone=&#8220;18px&#8220; body_link_font_size_last_edited=&#8220;on|phone&#8220; global_colors_info=&#8220;{}&#8220;]<\/p>\n<p><a href=\"http:\/\/www.lnw.lu\" target=\"_blank\" rel=\"noopener\">lnw.lu<\/a><\/p>\n<p>[\/et_pb_blurb][et_pb_text _builder_version=&#8220;4.16&#8243; header_2_font_size=&#8220;42px&#8220; header_2_font_size_tablet=&#8220;28px&#8220; header_2_font_size_phone=&#8220;22px&#8220; header_2_font_size_last_edited=&#8220;on|phone&#8220; global_colors_info=&#8220;{}&#8220;]<img decoding=\"async\" src=\"https:\/\/mewo.lu\/wp-content\/uploads\/2020\/06\/lyce%CC%81e-nord.png\" width=\"100\"><\/img>[\/et_pb_text][\/et_pb_column][et_pb_column type=&#8220;1_2&#8243; _builder_version=&#8220;4.16&#8243; custom_padding=&#8220;|||&#8220; global_colors_info=&#8220;{}&#8220; custom_padding__hover=&#8220;|||&#8220;][et_pb_blurb _builder_version=&#8220;4.16&#8243; header_font=&#8220;Futura Book|600|||||||&#8220; header_text_align=&#8220;left&#8220; header_text_color=&#8220;#000000&#8243; header_font_size=&#8220;18px&#8220; header_line_height=&#8220;0.8em&#8220; body_font=&#8220;Roboto|300|||||||&#8220; body_text_align=&#8220;left&#8220; body_text_color=&#8220;#262f33&#8243; body_font_size=&#8220;18px&#8220; body_line_height=&#8220;2em&#8220; animation=&#8220;off&#8220; body_font_size_tablet=&#8220;16px&#8220; body_font_size_phone=&#8220;15px&#8220; body_font_size_last_edited=&#8220;on|tablet&#8220; global_colors_info=&#8220;{}&#8220;]<\/p>\n<p>Ab dem akademischen Jahr 2014-2015 bietet das LNW einen h\u00f6heren technischen Abschluss mit der Bezeichnung &#8222;BTS &#8211; Technologie du Bois&#8220; an.<\/p>\n<p>[\/et_pb_blurb][\/et_pb_column][\/et_pb_row][\/et_pb_section][et_pb_section fb_built=&#8220;1&#8243; _builder_version=&#8220;4.16&#8243; background_enable_color=&#8220;off&#8220; custom_padding=&#8220;0px|0px|0px|0px|true|false&#8220; collapsed=&#8220;on&#8220; global_colors_info=&#8220;{}&#8220;][et_pb_row _builder_version=&#8220;4.16&#8243; width_tablet=&#8220;&#8220; width_phone=&#8220;90%&#8220; width_last_edited=&#8220;on|phone&#8220; custom_padding=&#8220;0px||0px||true|false&#8220; global_colors_info=&#8220;{}&#8220;][et_pb_column type=&#8220;4_4&#8243; _builder_version=&#8220;4.16&#8243; custom_padding=&#8220;|||&#8220; global_colors_info=&#8220;{}&#8220; custom_padding__hover=&#8220;|||&#8220;][et_pb_text _builder_version=&#8220;4.16&#8243; text_font=&#8220;Roboto||||||||&#8220; text_text_color=&#8220;#262f33&#8243; header_2_font=&#8220;Futura Medium bt||||||||&#8220; header_2_font_size=&#8220;42px&#8220; custom_padding=&#8220;|||&#8220; header_2_font_size_tablet=&#8220;28px&#8220; header_2_font_size_phone=&#8220;22px&#8220; header_2_font_size_last_edited=&#8220;on|phone&#8220; global_colors_info=&#8220;{}&#8220;]<\/p>\n<h2>Gesundheit &amp; Sicherheit<\/h2>\n<p>[\/et_pb_text][et_pb_divider divider_weight=&#8220;2px&#8220; _builder_version=&#8220;4.16&#8243; max_width=&#8220;30px&#8220; module_alignment=&#8220;left&#8220; custom_margin=&#8220;-2px||||false|false&#8220; custom_margin_tablet=&#8220;-12px||||false|false&#8220; custom_margin_phone=&#8220;-12px||||false|false&#8220; custom_margin_last_edited=&#8220;on|phone&#8220; global_colors_info=&#8220;{}&#8220;][\/et_pb_divider][\/et_pb_column][\/et_pb_row][et_pb_row column_structure=&#8220;1_2,1_2&#8243; use_custom_gutter=&#8220;on&#8220; gutter_width=&#8220;2&#8243; _builder_version=&#8220;4.16&#8243; custom_margin=&#8220;||30px||false|false&#8220; custom_padding=&#8220;30px|30px|30px|30px|true|true&#8220; box_shadow_style=&#8220;preset1&#8243; box_shadow_color=&#8220;rgba(96,118,128,0.38)&#8220; global_colors_info=&#8220;{}&#8220;][et_pb_column type=&#8220;1_2&#8243; _builder_version=&#8220;4.16&#8243; custom_padding=&#8220;|||&#8220; global_colors_info=&#8220;{}&#8220; custom_padding__hover=&#8220;|||&#8220;][et_pb_blurb title=&#8220;Nationale Gesundheitskasse (Caisse Nationale de Sant\u00e9, CNS)&#8220; _builder_version=&#8220;4.16&#8243; header_font=&#8220;Roboto|600|||||||&#8220; header_text_align=&#8220;left&#8220; header_text_color=&#8220;#000000&#8243; header_font_size=&#8220;20px&#8220; header_line_height=&#8220;1.5em&#8220; body_font=&#8220;Roboto|300|||||||&#8220; body_text_align=&#8220;left&#8220; body_text_color=&#8220;#262f33&#8243; body_font_size=&#8220;18px&#8220; body_line_height=&#8220;1em&#8220; body_link_font=&#8220;Roboto||||on||||&#8220; body_link_text_color=&#8220;#262f33&#8243; body_link_font_size=&#8220;22px&#8220; animation=&#8220;off&#8220; body_font_size_tablet=&#8220;16px&#8220; body_font_size_phone=&#8220;15px&#8220; body_font_size_last_edited=&#8220;on|tablet&#8220; body_link_font_size_tablet=&#8220;&#8220; body_link_font_size_phone=&#8220;18px&#8220; body_link_font_size_last_edited=&#8220;on|phone&#8220; global_colors_info=&#8220;{}&#8220;]<\/p>\n<p><a href=\"http:\/\/www.cns.lu\" target=\"_blank\" rel=\"noopener\">cns.lu<\/a><\/p>\n<p>[\/et_pb_blurb][et_pb_text _builder_version=&#8220;4.16&#8243; header_2_font_size=&#8220;42px&#8220; header_2_font_size_tablet=&#8220;28px&#8220; header_2_font_size_phone=&#8220;22px&#8220; header_2_font_size_last_edited=&#8220;on|phone&#8220; global_colors_info=&#8220;{}&#8220;]<img decoding=\"async\" src=\"https:\/\/mewo.lu\/wp-content\/uploads\/2020\/06\/cns.svg\" width=\"100\"><\/img>[\/et_pb_text][\/et_pb_column][et_pb_column type=&#8220;1_2&#8243; _builder_version=&#8220;4.16&#8243; custom_padding=&#8220;|||&#8220; global_colors_info=&#8220;{}&#8220; custom_padding__hover=&#8220;|||&#8220;][et_pb_blurb _builder_version=&#8220;4.16&#8243; header_font=&#8220;Futura Book|600|||||||&#8220; header_text_align=&#8220;left&#8220; header_text_color=&#8220;#000000&#8243; header_font_size=&#8220;18px&#8220; header_line_height=&#8220;0.8em&#8220; body_font=&#8220;Roboto|300|||||||&#8220; body_text_align=&#8220;left&#8220; body_text_color=&#8220;#262f33&#8243; body_font_size=&#8220;18px&#8220; body_line_height=&#8220;2em&#8220; animation=&#8220;off&#8220; body_font_size_tablet=&#8220;16px&#8220; body_font_size_phone=&#8220;15px&#8220; body_font_size_last_edited=&#8220;on|tablet&#8220; global_colors_info=&#8220;{}&#8220;]<\/p>\n<p>Die CNS ist der gemeinsame Ansprechpartner f\u00fcr alle Versicherten des Privatsektors (Arbeitnehmer und Selbstst\u00e4ndige wie Selbst\u00e4ndige) sowie f\u00fcr die Staatsarbeiter, sowohl in der Kranken- als auch in der Pflegeversicherung.<\/p>\n<p>[\/et_pb_blurb][\/et_pb_column][\/et_pb_row][et_pb_row column_structure=&#8220;1_2,1_2&#8243; use_custom_gutter=&#8220;on&#8220; gutter_width=&#8220;2&#8243; _builder_version=&#8220;4.16&#8243; custom_margin=&#8220;||30px||false|false&#8220; custom_padding=&#8220;30px|30px|30px|30px|true|true&#8220; box_shadow_style=&#8220;preset1&#8243; box_shadow_color=&#8220;rgba(96,118,128,0.38)&#8220; global_colors_info=&#8220;{}&#8220;][et_pb_column type=&#8220;1_2&#8243; _builder_version=&#8220;4.16&#8243; custom_padding=&#8220;|||&#8220; global_colors_info=&#8220;{}&#8220; custom_padding__hover=&#8220;|||&#8220;][et_pb_blurb title=&#8220;Unfallversicherungsverband (AAA)&#8220; _builder_version=&#8220;4.16&#8243; header_font=&#8220;Roboto|600|||||||&#8220; header_text_align=&#8220;left&#8220; header_text_color=&#8220;#000000&#8243; header_font_size=&#8220;20px&#8220; header_line_height=&#8220;1.5em&#8220; body_font=&#8220;Roboto|300|||||||&#8220; body_text_align=&#8220;left&#8220; body_text_color=&#8220;#262f33&#8243; body_font_size=&#8220;18px&#8220; body_line_height=&#8220;1em&#8220; body_link_font=&#8220;Roboto||||on||||&#8220; body_link_text_color=&#8220;#262f33&#8243; body_link_font_size=&#8220;22px&#8220; animation=&#8220;off&#8220; body_font_size_tablet=&#8220;16px&#8220; body_font_size_phone=&#8220;15px&#8220; body_font_size_last_edited=&#8220;on|tablet&#8220; body_link_font_size_tablet=&#8220;&#8220; body_link_font_size_phone=&#8220;18px&#8220; body_link_font_size_last_edited=&#8220;on|phone&#8220; global_colors_info=&#8220;{}&#8220;]<\/p>\n<p><a href=\"http:\/\/www.aaa.lu\" target=\"_blank\" rel=\"noopener\">aaa.lu<\/a><\/p>\n<p>[\/et_pb_blurb][et_pb_text _builder_version=&#8220;4.16&#8243; header_2_font_size=&#8220;42px&#8220; header_2_font_size_tablet=&#8220;28px&#8220; header_2_font_size_phone=&#8220;22px&#8220; header_2_font_size_last_edited=&#8220;on|phone&#8220; global_colors_info=&#8220;{}&#8220;]<img decoding=\"async\" src=\"https:\/\/mewo.lu\/wp-content\/uploads\/2020\/06\/ass-assurance-accident.png\" width=\"100\"><\/img>[\/et_pb_text][\/et_pb_column][et_pb_column type=&#8220;1_2&#8243; _builder_version=&#8220;4.16&#8243; custom_padding=&#8220;|||&#8220; global_colors_info=&#8220;{}&#8220; custom_padding__hover=&#8220;|||&#8220;][et_pb_blurb _builder_version=&#8220;4.16&#8243; header_font=&#8220;Futura Book|600|||||||&#8220; header_text_align=&#8220;left&#8220; header_text_color=&#8220;#000000&#8243; header_font_size=&#8220;18px&#8220; header_line_height=&#8220;0.8em&#8220; body_font=&#8220;Roboto|300|||||||&#8220; body_text_align=&#8220;left&#8220; body_text_color=&#8220;#262f33&#8243; body_font_size=&#8220;18px&#8220; body_line_height=&#8220;2em&#8220; animation=&#8220;off&#8220; body_font_size_tablet=&#8220;16px&#8220; body_font_size_phone=&#8220;15px&#8220; body_font_size_last_edited=&#8220;on|tablet&#8220; global_colors_info=&#8220;{}&#8220;]<\/p>\n<p>Diese dem Ministerium f\u00fcr soziale Sicherheit unterstellte \u00f6ffentliche Einrichtung ist f\u00fcr die Pr\u00e4vention und die Wiedergutmachung der Folgen von Arbeitsunf\u00e4llen und Berufskrankheiten zust\u00e4ndig.<\/p>\n<p>[\/et_pb_blurb][\/et_pb_column][\/et_pb_row][et_pb_row column_structure=&#8220;1_2,1_2&#8243; use_custom_gutter=&#8220;on&#8220; gutter_width=&#8220;2&#8243; _builder_version=&#8220;4.16&#8243; custom_margin=&#8220;||30px||false|false&#8220; custom_padding=&#8220;30px|30px|30px|30px|true|true&#8220; box_shadow_style=&#8220;preset1&#8243; box_shadow_color=&#8220;rgba(96,118,128,0.38)&#8220; global_colors_info=&#8220;{}&#8220;][et_pb_column type=&#8220;1_2&#8243; _builder_version=&#8220;4.16&#8243; custom_padding=&#8220;|||&#8220; global_colors_info=&#8220;{}&#8220; custom_padding__hover=&#8220;|||&#8220;][et_pb_blurb title=&#8220;Multisektoraler Dienst f\u00fcr Gesundheit am Arbeitsplatz (STM)&#8220; _builder_version=&#8220;4.16&#8243; header_font=&#8220;Roboto|600|||||||&#8220; header_text_align=&#8220;left&#8220; header_text_color=&#8220;#000000&#8243; header_font_size=&#8220;20px&#8220; header_line_height=&#8220;1.5em&#8220; body_font=&#8220;Roboto|300|||||||&#8220; body_text_align=&#8220;left&#8220; body_text_color=&#8220;#262f33&#8243; body_font_size=&#8220;18px&#8220; body_line_height=&#8220;1em&#8220; body_link_font=&#8220;Roboto||||on||||&#8220; body_link_text_color=&#8220;#262f33&#8243; body_link_font_size=&#8220;22px&#8220; animation=&#8220;off&#8220; body_font_size_tablet=&#8220;16px&#8220; body_font_size_phone=&#8220;15px&#8220; body_font_size_last_edited=&#8220;on|tablet&#8220; body_link_font_size_tablet=&#8220;&#8220; body_link_font_size_phone=&#8220;18px&#8220; body_link_font_size_last_edited=&#8220;on|phone&#8220; global_colors_info=&#8220;{}&#8220;]<\/p>\n<p><a href=\"http:\/\/www.stm.lu\" target=\"_blank\" rel=\"noopener\">stm.lu<\/a><\/p>\n<p>[\/et_pb_blurb][et_pb_text _builder_version=&#8220;4.16&#8243; header_2_font_size=&#8220;42px&#8220; header_2_font_size_tablet=&#8220;28px&#8220; header_2_font_size_phone=&#8220;22px&#8220; header_2_font_size_last_edited=&#8220;on|phone&#8220; global_colors_info=&#8220;{}&#8220;]<img decoding=\"async\" src=\"https:\/\/mewo.lu\/wp-content\/uploads\/2020\/06\/STM.png\" width=\"100\"><\/img>[\/et_pb_text][\/et_pb_column][et_pb_column type=&#8220;1_2&#8243; _builder_version=&#8220;4.16&#8243; custom_padding=&#8220;|||&#8220; global_colors_info=&#8220;{}&#8220; custom_padding__hover=&#8220;|||&#8220;][et_pb_blurb _builder_version=&#8220;4.16&#8243; header_font=&#8220;Futura Book|600|||||||&#8220; header_text_align=&#8220;left&#8220; header_text_color=&#8220;#000000&#8243; header_font_size=&#8220;18px&#8220; header_line_height=&#8220;0.8em&#8220; body_font=&#8220;Roboto|300|||||||&#8220; body_text_align=&#8220;left&#8220; body_text_color=&#8220;#262f33&#8243; body_font_size=&#8220;18px&#8220; body_line_height=&#8220;2em&#8220; animation=&#8220;off&#8220; body_font_size_tablet=&#8220;16px&#8220; body_font_size_phone=&#8220;15px&#8220; body_font_size_last_edited=&#8220;on|tablet&#8220; global_colors_info=&#8220;{}&#8220;]<\/p>\n<p>Der STM ist eine \u00f6ffentliche Einrichtung unter der Aufsicht des Gesundheitsministers, die durch das Gesetz \u00fcber die arbeitsmedizinischen Dienste eingerichtet wurde und der Unternehmen aus verschiedenen Sektoren angeschlossen sind.<\/p>\n<p>[\/et_pb_blurb][\/et_pb_column][\/et_pb_row][et_pb_row column_structure=&#8220;1_2,1_2&#8243; use_custom_gutter=&#8220;on&#8220; gutter_width=&#8220;2&#8243; _builder_version=&#8220;4.16&#8243; custom_margin=&#8220;||30px||false|false&#8220; custom_padding=&#8220;30px|30px|30px|30px|true|true&#8220; box_shadow_style=&#8220;preset1&#8243; box_shadow_color=&#8220;rgba(96,118,128,0.38)&#8220; global_colors_info=&#8220;{}&#8220;][et_pb_column type=&#8220;1_2&#8243; _builder_version=&#8220;4.16&#8243; custom_padding=&#8220;|||&#8220; global_colors_info=&#8220;{}&#8220; custom_padding__hover=&#8220;|||&#8220;][et_pb_blurb title=&#8220;SuperDrecksK\u00ebscht&#8220; _builder_version=&#8220;4.16&#8243; header_font=&#8220;Roboto|600|||||||&#8220; header_text_align=&#8220;left&#8220; header_text_color=&#8220;#000000&#8243; header_font_size=&#8220;20px&#8220; header_line_height=&#8220;1.5em&#8220; body_font=&#8220;Roboto|300|||||||&#8220; body_text_align=&#8220;left&#8220; body_text_color=&#8220;#262f33&#8243; body_font_size=&#8220;18px&#8220; body_line_height=&#8220;1em&#8220; body_link_font=&#8220;Roboto||||on||||&#8220; body_link_text_color=&#8220;#262f33&#8243; body_link_font_size=&#8220;22px&#8220; animation=&#8220;off&#8220; body_font_size_tablet=&#8220;16px&#8220; body_font_size_phone=&#8220;15px&#8220; body_font_size_last_edited=&#8220;on|tablet&#8220; body_link_font_size_tablet=&#8220;&#8220; body_link_font_size_phone=&#8220;18px&#8220; body_link_font_size_last_edited=&#8220;on|phone&#8220; global_colors_info=&#8220;{}&#8220;]<\/p>\n<p><a href=\"http:\/\/www.stm.lu\" target=\"_blank\" rel=\"noopener\">stm.lu<\/a><\/p>\n<p>[\/et_pb_blurb][et_pb_text _builder_version=&#8220;4.16&#8243; header_2_font_size=&#8220;42px&#8220; header_2_font_size_tablet=&#8220;28px&#8220; header_2_font_size_phone=&#8220;22px&#8220; header_2_font_size_last_edited=&#8220;on|phone&#8220; global_colors_info=&#8220;{}&#8220;]<img decoding=\"async\" src=\"https:\/\/mewo.lu\/wp-content\/uploads\/2020\/06\/Super-Drecks.svg\" width=\"100\"><\/img>[\/et_pb_text][\/et_pb_column][et_pb_column type=&#8220;1_2&#8243; _builder_version=&#8220;4.16&#8243; custom_padding=&#8220;|||&#8220; global_colors_info=&#8220;{}&#8220; custom_padding__hover=&#8220;|||&#8220;][et_pb_blurb _builder_version=&#8220;4.16&#8243; header_font=&#8220;Futura Book|600|||||||&#8220; header_text_align=&#8220;left&#8220; header_text_color=&#8220;#000000&#8243; header_font_size=&#8220;18px&#8220; header_line_height=&#8220;0.8em&#8220; body_font=&#8220;Roboto|300|||||||&#8220; body_text_align=&#8220;left&#8220; body_text_color=&#8220;#262f33&#8243; body_font_size=&#8220;18px&#8220; body_line_height=&#8220;2em&#8220; animation=&#8220;off&#8220; body_font_size_tablet=&#8220;16px&#8220; body_font_size_phone=&#8220;15px&#8220; body_font_size_last_edited=&#8220;on|tablet&#8220; global_colors_info=&#8220;{}&#8220;]<\/p>\n<p>Die SuperDrecksK\u00ebscht ist eine Marke, die im Rahmen der Aufgaben Luxemburgs im Bereich der Abfallwirtschaft entwickelt wurde. Sie orientiert sich an der von der EU festgelegten Strategie, die die Vermeidung, gefolgt von der Wiederverwendung, dem Recycling, der Verwertung und der Beseitigung von Abf\u00e4llen in den Vordergrund stellt.<\/p>\n<p>[\/et_pb_blurb][\/et_pb_column][\/et_pb_row][\/et_pb_section][et_pb_section fb_built=&#8220;1&#8243; _builder_version=&#8220;4.16&#8243; background_enable_color=&#8220;off&#8220; custom_padding=&#8220;0px|0px|50px|0px|false|false&#8220; collapsed=&#8220;on&#8220; global_colors_info=&#8220;{}&#8220;][et_pb_row _builder_version=&#8220;4.16&#8243; width_tablet=&#8220;&#8220; width_phone=&#8220;90%&#8220; width_last_edited=&#8220;on|phone&#8220; custom_padding=&#8220;0px||0px||true|false&#8220; global_colors_info=&#8220;{}&#8220;][et_pb_column type=&#8220;4_4&#8243; _builder_version=&#8220;4.16&#8243; custom_padding=&#8220;|||&#8220; global_colors_info=&#8220;{}&#8220; custom_padding__hover=&#8220;|||&#8220;][et_pb_text _builder_version=&#8220;4.16&#8243; text_font=&#8220;Roboto||||||||&#8220; text_text_color=&#8220;#262f33&#8243; header_2_font=&#8220;Futura Medium bt||||||||&#8220; header_2_font_size=&#8220;42px&#8220; custom_padding=&#8220;|||&#8220; header_2_font_size_tablet=&#8220;28px&#8220; header_2_font_size_phone=&#8220;22px&#8220; header_2_font_size_last_edited=&#8220;on|phone&#8220; global_colors_info=&#8220;{}&#8220;]<\/p>\n<h2>Andere n\u00fctzliche Links<\/h2>\n<p>[\/et_pb_text][et_pb_divider divider_weight=&#8220;2px&#8220; _builder_version=&#8220;4.16&#8243; max_width=&#8220;30px&#8220; module_alignment=&#8220;left&#8220; custom_margin=&#8220;-2px||||false|false&#8220; custom_margin_tablet=&#8220;-12px||||false|false&#8220; custom_margin_phone=&#8220;-12px||||false|false&#8220; custom_margin_last_edited=&#8220;on|phone&#8220; global_colors_info=&#8220;{}&#8220;][\/et_pb_divider][\/et_pb_column][\/et_pb_row][et_pb_row column_structure=&#8220;1_2,1_2&#8243; use_custom_gutter=&#8220;on&#8220; gutter_width=&#8220;2&#8243; _builder_version=&#8220;4.16&#8243; custom_margin=&#8220;||30px||false|false&#8220; custom_padding=&#8220;30px|30px|30px|30px|true|true&#8220; box_shadow_style=&#8220;preset1&#8243; box_shadow_color=&#8220;rgba(96,118,128,0.38)&#8220; global_colors_info=&#8220;{}&#8220;][et_pb_column type=&#8220;1_2&#8243; _builder_version=&#8220;4.16&#8243; custom_padding=&#8220;|||&#8220; global_colors_info=&#8220;{}&#8220; custom_padding__hover=&#8220;|||&#8220;][et_pb_blurb title=&#8220;Inspection du Travail et des Mines (ITM) (Arbeits- und Bergbauinspektion)&#8220; _builder_version=&#8220;4.16&#8243; header_font=&#8220;Roboto|600|||||||&#8220; header_text_align=&#8220;left&#8220; header_text_color=&#8220;#000000&#8243; header_font_size=&#8220;20px&#8220; header_line_height=&#8220;1.5em&#8220; body_font=&#8220;Roboto|300|||||||&#8220; body_text_align=&#8220;left&#8220; body_text_color=&#8220;#262f33&#8243; body_font_size=&#8220;18px&#8220; body_line_height=&#8220;1em&#8220; body_link_font=&#8220;Roboto||||on||||&#8220; body_link_text_color=&#8220;#262f33&#8243; body_link_font_size=&#8220;22px&#8220; animation=&#8220;off&#8220; body_font_size_tablet=&#8220;16px&#8220; body_font_size_phone=&#8220;15px&#8220; body_font_size_last_edited=&#8220;on|tablet&#8220; body_link_font_size_tablet=&#8220;&#8220; body_link_font_size_phone=&#8220;18px&#8220; body_link_font_size_last_edited=&#8220;on|phone&#8220; global_colors_info=&#8220;{}&#8220;]<\/p>\n<p><a href=\"http:\/\/www.itm.lu\" target=\"_blank\" rel=\"noopener\">itm.lu<\/a><\/p>\n<p>[\/et_pb_blurb][et_pb_text _builder_version=&#8220;4.16&#8243; header_2_font_size=&#8220;42px&#8220; header_2_font_size_tablet=&#8220;28px&#8220; header_2_font_size_phone=&#8220;22px&#8220; header_2_font_size_last_edited=&#8220;on|phone&#8220; global_colors_info=&#8220;{}&#8220;]<img decoding=\"async\" src=\"https:\/\/mewo.lu\/wp-content\/uploads\/2020\/06\/ITM.png\" width=\"150\"><\/img>[\/et_pb_text][\/et_pb_column][et_pb_column type=&#8220;1_2&#8243; _builder_version=&#8220;4.16&#8243; custom_padding=&#8220;|||&#8220; global_colors_info=&#8220;{}&#8220; custom_padding__hover=&#8220;|||&#8220;][et_pb_blurb _builder_version=&#8220;4.16&#8243; header_font=&#8220;Futura Book|600|||||||&#8220; header_text_align=&#8220;left&#8220; header_text_color=&#8220;#000000&#8243; header_font_size=&#8220;18px&#8220; header_line_height=&#8220;0.8em&#8220; body_font=&#8220;Roboto|300|||||||&#8220; body_text_align=&#8220;left&#8220; body_text_color=&#8220;#262f33&#8243; body_font_size=&#8220;18px&#8220; body_line_height=&#8220;2em&#8220; animation=&#8220;off&#8220; body_font_size_tablet=&#8220;16px&#8220; body_font_size_phone=&#8220;15px&#8220; body_font_size_last_edited=&#8220;on|tablet&#8220; global_colors_info=&#8220;{}&#8220;]<\/p>\n<p>Die ITM ist f\u00fcr die Arbeitsbedingungen und den Schutz der Arbeitnehmer bei der Aus\u00fcbung ihrer beruflichen T\u00e4tigkeit zust\u00e4ndig. Die ITM hat somit die Aufgabe, das Wohlergehen der Arbeitnehmer zu inspizieren, und zwar im Rahmen :<\/p>\n<ul>\n<li>der Arbeitsbeziehungen und -bedingungen<\/li>\n<li>der Gesundheit und Sicherheit der Arbeitnehmer am Arbeitsplatz<\/li>\n<\/ul>\n<p>[\/et_pb_blurb][\/et_pb_column][\/et_pb_row][et_pb_row column_structure=&#8220;1_2,1_2&#8243; use_custom_gutter=&#8220;on&#8220; gutter_width=&#8220;2&#8243; _builder_version=&#8220;4.16&#8243; custom_margin=&#8220;||30px||false|false&#8220; custom_padding=&#8220;30px|30px|30px|30px|true|true&#8220; box_shadow_style=&#8220;preset1&#8243; box_shadow_color=&#8220;rgba(96,118,128,0.38)&#8220; global_colors_info=&#8220;{}&#8220;][et_pb_column type=&#8220;1_2&#8243; _builder_version=&#8220;4.16&#8243; custom_padding=&#8220;|||&#8220; global_colors_info=&#8220;{}&#8220; custom_padding__hover=&#8220;|||&#8220;][et_pb_blurb title=&#8220;Portal f\u00fcr \u00f6ffentliche Ausschreibungen&#8220; _builder_version=&#8220;4.16&#8243; header_font=&#8220;Roboto|600|||||||&#8220; header_text_align=&#8220;left&#8220; header_text_color=&#8220;#000000&#8243; header_font_size=&#8220;20px&#8220; header_line_height=&#8220;1.5em&#8220; body_font=&#8220;Roboto|300|||||||&#8220; body_text_align=&#8220;left&#8220; body_text_color=&#8220;#262f33&#8243; body_font_size=&#8220;18px&#8220; body_line_height=&#8220;1em&#8220; body_link_font=&#8220;Roboto||||on||||&#8220; body_link_text_color=&#8220;#262f33&#8243; body_link_font_size=&#8220;22px&#8220; animation=&#8220;off&#8220; body_font_size_tablet=&#8220;16px&#8220; body_font_size_phone=&#8220;15px&#8220; body_font_size_last_edited=&#8220;on|tablet&#8220; body_link_font_size_tablet=&#8220;&#8220; body_link_font_size_phone=&#8220;18px&#8220; body_link_font_size_last_edited=&#8220;on|phone&#8220; global_colors_info=&#8220;{}&#8220;]<\/p>\n<p><a href=\"http:\/\/www.marches.public.lu\" target=\"_blank\" rel=\"noopener\">marches.public.lu<\/a><\/p>\n<p>[\/et_pb_blurb][et_pb_text _builder_version=&#8220;4.16&#8243; header_2_font_size=&#8220;42px&#8220; header_2_font_size_tablet=&#8220;28px&#8220; header_2_font_size_phone=&#8220;22px&#8220; header_2_font_size_last_edited=&#8220;on|phone&#8220; global_colors_info=&#8220;{}&#8220;]<img decoding=\"async\" src=\"https:\/\/mewo.lu\/wp-content\/uploads\/2020\/06\/PMP.png\" width=\"150\"><\/img>[\/et_pb_text][\/et_pb_column][et_pb_column type=&#8220;1_2&#8243; _builder_version=&#8220;4.16&#8243; custom_padding=&#8220;|||&#8220; global_colors_info=&#8220;{}&#8220; custom_padding__hover=&#8220;|||&#8220;][et_pb_blurb _builder_version=&#8220;4.16&#8243; header_font=&#8220;Futura Book|600|||||||&#8220; header_text_align=&#8220;left&#8220; header_text_color=&#8220;#000000&#8243; header_font_size=&#8220;18px&#8220; header_line_height=&#8220;0.8em&#8220; body_font=&#8220;Roboto|300|||||||&#8220; body_text_align=&#8220;left&#8220; body_text_color=&#8220;#262f33&#8243; body_font_size=&#8220;18px&#8220; body_line_height=&#8220;2em&#8220; animation=&#8220;off&#8220; body_font_size_tablet=&#8220;16px&#8220; body_font_size_phone=&#8220;15px&#8220; body_font_size_last_edited=&#8220;on|tablet&#8220; global_colors_info=&#8220;{}&#8220;]<\/p>\n<p>Dieses Portal richtet sich sowohl an Organisationen, die dem Gesetz \u00fcber das \u00f6ffentliche Auftragswesen unterliegen, als auch an Unternehmen, denen es den Zugang zu \u00f6ffentlichen Auftr\u00e4gen erleichtert. Denn Unternehmen finden an einem einzigen Ort Bekanntmachungen \u00fcber Auftragsm\u00f6glichkeiten f\u00fcr Bau-, Liefer- und Dienstleistungsauftr\u00e4ge von luxemburgischen \u00f6ffentlichen Auftraggebern. Dar\u00fcber hinaus finden sich Informationen \u00fcber die allgemeinen Verfahren und Grunds\u00e4tze auf diesem Portal.<\/p>\n<p>[\/et_pb_blurb][\/et_pb_column][\/et_pb_row][et_pb_row column_structure=&#8220;1_2,1_2&#8243; use_custom_gutter=&#8220;on&#8220; gutter_width=&#8220;2&#8243; _builder_version=&#8220;4.16&#8243; custom_margin=&#8220;||30px||false|false&#8220; custom_padding=&#8220;30px|30px|30px|30px|true|true&#8220; box_shadow_style=&#8220;preset1&#8243; box_shadow_color=&#8220;rgba(96,118,128,0.38)&#8220; global_colors_info=&#8220;{}&#8220;][et_pb_column type=&#8220;1_2&#8243; _builder_version=&#8220;4.16&#8243; custom_padding=&#8220;|||&#8220; global_colors_info=&#8220;{}&#8220; custom_padding__hover=&#8220;|||&#8220;][et_pb_blurb title=&#8220;Vertragsklauseln&#8220; _builder_version=&#8220;4.16&#8243; header_font=&#8220;Roboto|600|||||||&#8220; header_text_align=&#8220;left&#8220; header_text_color=&#8220;#000000&#8243; header_font_size=&#8220;20px&#8220; header_line_height=&#8220;1.5em&#8220; body_font=&#8220;Roboto|300|||||||&#8220; body_text_align=&#8220;left&#8220; body_text_color=&#8220;#262f33&#8243; body_font_size=&#8220;18px&#8220; body_line_height=&#8220;1em&#8220; body_link_font=&#8220;Roboto||||on||||&#8220; body_link_text_color=&#8220;#262f33&#8243; body_link_font_size=&#8220;22px&#8220; animation=&#8220;off&#8220; body_font_size_tablet=&#8220;16px&#8220; body_font_size_phone=&#8220;15px&#8220; body_font_size_last_edited=&#8220;on|tablet&#8220; body_link_font_size_tablet=&#8220;&#8220; body_link_font_size_phone=&#8220;18px&#8220; body_link_font_size_last_edited=&#8220;on|phone&#8220; global_colors_info=&#8220;{}&#8220;]<\/p>\n<p><a href=\"http:\/\/www.crtib.lu\" target=\"_blank\" rel=\"noopener\">crtib.lu<\/a><\/p>\n<p>[\/et_pb_blurb][et_pb_text _builder_version=&#8220;4.16&#8243; header_2_font_size=&#8220;42px&#8220; header_2_font_size_tablet=&#8220;28px&#8220; header_2_font_size_phone=&#8220;22px&#8220; header_2_font_size_last_edited=&#8220;on|phone&#8220; global_colors_info=&#8220;{}&#8220;]<img decoding=\"async\" src=\"https:\/\/mewo.lu\/wp-content\/uploads\/2020\/06\/crtib.png\" width=\"200\"><\/img>[\/et_pb_text][\/et_pb_column][et_pb_column type=&#8220;1_2&#8243; _builder_version=&#8220;4.16&#8243; custom_padding=&#8220;|||&#8220; global_colors_info=&#8220;{}&#8220; custom_padding__hover=&#8220;|||&#8220;][et_pb_blurb _builder_version=&#8220;4.16&#8243; header_font=&#8220;Futura Book|600|||||||&#8220; header_text_align=&#8220;left&#8220; header_text_color=&#8220;#000000&#8243; header_font_size=&#8220;18px&#8220; header_line_height=&#8220;0.8em&#8220; body_font=&#8220;Roboto|300|||||||&#8220; body_text_align=&#8220;left&#8220; body_text_color=&#8220;#262f33&#8243; body_font_size=&#8220;18px&#8220; body_line_height=&#8220;2em&#8220; animation=&#8220;off&#8220; body_font_size_tablet=&#8220;16px&#8220; body_font_size_phone=&#8220;15px&#8220; body_font_size_last_edited=&#8220;on|tablet&#8220; global_colors_info=&#8220;{}&#8220;]<\/p>\n<p>Das CRTI-B ist ein im CRP Henri Tudor betriebenes Ressourcenzentrum, das als neutrale und offene Plattform f\u00fcr alle am Bau Beteiligten die Produktivit\u00e4t und Wettbewerbsf\u00e4higkeit der am Bau Beteiligten verbessern will. Das Ziel von CRTI-B ist es unter anderem, Standards f\u00fcr Ausschreibungsunterlagen zu definieren, zu dokumentieren, einzuf\u00fchren und auf dem neuesten Stand zu halten, die die Auftragsvergabe bei Bauprojekten regeln.<\/p>\n<p>[\/et_pb_blurb][\/et_pb_column][\/et_pb_row][et_pb_row column_structure=&#8220;1_2,1_2&#8243; use_custom_gutter=&#8220;on&#8220; gutter_width=&#8220;2&#8243; _builder_version=&#8220;4.16&#8243; custom_margin=&#8220;||30px||false|false&#8220; custom_padding=&#8220;30px|30px|30px|30px|true|true&#8220; box_shadow_style=&#8220;preset1&#8243; box_shadow_color=&#8220;rgba(96,118,128,0.38)&#8220; global_colors_info=&#8220;{}&#8220;][et_pb_column type=&#8220;1_2&#8243; _builder_version=&#8220;4.16&#8243; custom_padding=&#8220;|||&#8220; global_colors_info=&#8220;{}&#8220; custom_padding__hover=&#8220;|||&#8220;][et_pb_blurb title=&#8220;Abgeordnetenkammer&#8220; _builder_version=&#8220;4.16&#8243; header_font=&#8220;Roboto|600|||||||&#8220; header_text_align=&#8220;left&#8220; header_text_color=&#8220;#000000&#8243; header_font_size=&#8220;20px&#8220; header_line_height=&#8220;1.5em&#8220; body_font=&#8220;Roboto|300|||||||&#8220; body_text_align=&#8220;left&#8220; body_text_color=&#8220;#262f33&#8243; body_font_size=&#8220;18px&#8220; body_line_height=&#8220;1em&#8220; body_link_font=&#8220;Roboto||||on||||&#8220; body_link_text_color=&#8220;#262f33&#8243; body_link_font_size=&#8220;22px&#8220; animation=&#8220;off&#8220; body_font_size_tablet=&#8220;16px&#8220; body_font_size_phone=&#8220;15px&#8220; body_font_size_last_edited=&#8220;on|tablet&#8220; body_link_font_size_tablet=&#8220;&#8220; body_link_font_size_phone=&#8220;18px&#8220; body_link_font_size_last_edited=&#8220;on|phone&#8220; global_colors_info=&#8220;{}&#8220;]<\/p>\n<p><a href=\"http:\/\/www.chd.lu\" target=\"_blank\" rel=\"noopener\">chd.lu<\/a><\/p>\n<p>[\/et_pb_blurb][et_pb_text _builder_version=&#8220;4.16&#8243; header_2_font_size=&#8220;42px&#8220; header_2_font_size_tablet=&#8220;28px&#8220; header_2_font_size_phone=&#8220;22px&#8220; header_2_font_size_last_edited=&#8220;on|phone&#8220; global_colors_info=&#8220;{}&#8220;]<img decoding=\"async\" src=\"https:\/\/mewo.lu\/wp-content\/uploads\/2020\/06\/CHD.gif\" width=\"200\"><\/img>[\/et_pb_text][\/et_pb_column][et_pb_column type=&#8220;1_2&#8243; _builder_version=&#8220;4.16&#8243; custom_padding=&#8220;|||&#8220; global_colors_info=&#8220;{}&#8220; custom_padding__hover=&#8220;|||&#8220;][et_pb_blurb _builder_version=&#8220;4.16&#8243; header_font=&#8220;Futura Book|600|||||||&#8220; header_text_align=&#8220;left&#8220; header_text_color=&#8220;#000000&#8243; header_font_size=&#8220;18px&#8220; header_line_height=&#8220;0.8em&#8220; body_font=&#8220;Roboto|300|||||||&#8220; body_text_align=&#8220;left&#8220; body_text_color=&#8220;#262f33&#8243; body_font_size=&#8220;18px&#8220; body_line_height=&#8220;2em&#8220; animation=&#8220;off&#8220; body_font_size_tablet=&#8220;16px&#8220; body_font_size_phone=&#8220;15px&#8220; body_font_size_last_edited=&#8220;on|tablet&#8220; global_colors_info=&#8220;{}&#8220;]<\/p>\n<p>Das Abgeordnetenhaus ist das Herzst\u00fcck der demokratischen Institutionen des Staates. Ihre institutionelle Rolle ist in einem rechtlichen Rahmen festgelegt, der sich um die Verfassung und die Gesch\u00e4ftsordnung der Kammer herum organisiert. Die der Institution zugewiesenen Aufgaben der gesetzgebenden Gewalt und der Kontrolle der Regierung garantieren das demokratische Leben des Landes. Auf der Website werden aktuelle Nachrichten aus dem politischen Leben ver\u00f6ffentlicht.<\/p>\n<p>[\/et_pb_blurb][\/et_pb_column][\/et_pb_row][et_pb_row column_structure=&#8220;1_2,1_2&#8243; use_custom_gutter=&#8220;on&#8220; gutter_width=&#8220;2&#8243; _builder_version=&#8220;4.16&#8243; custom_margin=&#8220;||30px||false|false&#8220; custom_padding=&#8220;30px|30px|30px|30px|true|true&#8220; box_shadow_style=&#8220;preset1&#8243; box_shadow_color=&#8220;rgba(96,118,128,0.38)&#8220; global_colors_info=&#8220;{}&#8220;][et_pb_column type=&#8220;1_2&#8243; _builder_version=&#8220;4.16&#8243; custom_padding=&#8220;|||&#8220; global_colors_info=&#8220;{}&#8220; custom_padding__hover=&#8220;|||&#8220;][et_pb_blurb title=&#8220;Staatsrat&#8220; _builder_version=&#8220;4.16&#8243; header_font=&#8220;Roboto|600|||||||&#8220; header_text_align=&#8220;left&#8220; header_text_color=&#8220;#000000&#8243; header_font_size=&#8220;20px&#8220; header_line_height=&#8220;1.5em&#8220; body_font=&#8220;Roboto|300|||||||&#8220; body_text_align=&#8220;left&#8220; body_text_color=&#8220;#262f33&#8243; body_font_size=&#8220;18px&#8220; body_line_height=&#8220;1em&#8220; body_link_font=&#8220;Roboto||||on||||&#8220; body_link_text_color=&#8220;#262f33&#8243; body_link_font_size=&#8220;22px&#8220; animation=&#8220;off&#8220; body_font_size_tablet=&#8220;16px&#8220; body_font_size_phone=&#8220;15px&#8220; body_font_size_last_edited=&#8220;on|tablet&#8220; body_link_font_size_tablet=&#8220;&#8220; body_link_font_size_phone=&#8220;18px&#8220; body_link_font_size_last_edited=&#8220;on|phone&#8220; global_colors_info=&#8220;{}&#8220;]<\/p>\n<p><a href=\"http:\/\/www.conseil-etat.public.lu\" target=\"_blank\" rel=\"noopener\">rat-etat.public.lu<\/a><\/p>\n<p>[\/et_pb_blurb][et_pb_text _builder_version=&#8220;4.16&#8243; header_2_font_size=&#8220;42px&#8220; header_2_font_size_tablet=&#8220;28px&#8220; header_2_font_size_phone=&#8220;22px&#8220; header_2_font_size_last_edited=&#8220;on|phone&#8220; global_colors_info=&#8220;{}&#8220;]<img decoding=\"async\" src=\"https:\/\/mewo.lu\/wp-content\/uploads\/2020\/06\/conseil-etat.png\" width=\"150\"><\/img>[\/et_pb_text][\/et_pb_column][et_pb_column type=&#8220;1_2&#8243; _builder_version=&#8220;4.16&#8243; custom_padding=&#8220;|||&#8220; global_colors_info=&#8220;{}&#8220; custom_padding__hover=&#8220;|||&#8220;][et_pb_blurb _builder_version=&#8220;4.16&#8243; header_font=&#8220;Futura Book|600|||||||&#8220; header_text_align=&#8220;left&#8220; header_text_color=&#8220;#000000&#8243; header_font_size=&#8220;18px&#8220; header_line_height=&#8220;0.8em&#8220; body_font=&#8220;Roboto|300|||||||&#8220; body_text_align=&#8220;left&#8220; body_text_color=&#8220;#262f33&#8243; body_font_size=&#8220;18px&#8220; body_line_height=&#8220;2em&#8220; animation=&#8220;off&#8220; body_font_size_tablet=&#8220;16px&#8220; body_font_size_phone=&#8220;15px&#8220; body_font_size_last_edited=&#8220;on|tablet&#8220; global_colors_info=&#8220;{}&#8220;]<\/p>\n<p>Der Staatsrat von Luxemburg ist eine Institution, die dazu berufen ist, zu Gesetzesentw\u00fcrfen und \u00c4nderungen, die darin vorgeschlagen werden k\u00f6nnten, sowie zu allen anderen Fragen, die ihm von der Regierung oder durch Gesetze \u00fcbertragen werden, Stellung zu nehmen.<\/p>\n<p>[\/et_pb_blurb][\/et_pb_column][\/et_pb_row][et_pb_row column_structure=&#8220;1_2,1_2&#8243; use_custom_gutter=&#8220;on&#8220; gutter_width=&#8220;2&#8243; _builder_version=&#8220;4.16&#8243; custom_margin=&#8220;||30px||false|false&#8220; custom_padding=&#8220;30px|30px|30px|30px|true|true&#8220; box_shadow_style=&#8220;preset1&#8243; box_shadow_color=&#8220;rgba(96,118,128,0.38)&#8220; global_colors_info=&#8220;{}&#8220;][et_pb_column type=&#8220;1_2&#8243; _builder_version=&#8220;4.16&#8243; custom_padding=&#8220;|||&#8220; global_colors_info=&#8220;{}&#8220; custom_padding__hover=&#8220;|||&#8220;][et_pb_blurb title=&#8220;Ministerium f\u00fcr Wirtschaft&#8220; _builder_version=&#8220;4.16&#8243; header_font=&#8220;Roboto|600|||||||&#8220; header_text_align=&#8220;left&#8220; header_text_color=&#8220;#000000&#8243; header_font_size=&#8220;20px&#8220; header_line_height=&#8220;1.5em&#8220; body_font=&#8220;Roboto|300|||||||&#8220; body_text_align=&#8220;left&#8220; body_text_color=&#8220;#262f33&#8243; body_font_size=&#8220;18px&#8220; body_line_height=&#8220;1em&#8220; body_link_font=&#8220;Roboto||||on||||&#8220; body_link_text_color=&#8220;#262f33&#8243; body_link_font_size=&#8220;22px&#8220; animation=&#8220;off&#8220; body_font_size_tablet=&#8220;16px&#8220; body_font_size_phone=&#8220;15px&#8220; body_font_size_last_edited=&#8220;on|tablet&#8220; body_link_font_size_tablet=&#8220;&#8220; body_link_font_size_phone=&#8220;18px&#8220; body_link_font_size_last_edited=&#8220;on|phone&#8220; global_colors_info=&#8220;{}&#8220;]<\/p>\n<p><a href=\"http:\/\/www.eco.public.lu\" target=\"_blank\" rel=\"noopener\">eco.public.lu<\/a><\/p>\n<p>[\/et_pb_blurb][et_pb_text _builder_version=&#8220;4.16&#8243; header_2_font_size=&#8220;42px&#8220; header_2_font_size_tablet=&#8220;28px&#8220; header_2_font_size_phone=&#8220;22px&#8220; header_2_font_size_last_edited=&#8220;on|phone&#8220; global_colors_info=&#8220;{}&#8220;]<img decoding=\"async\" src=\"https:\/\/mewo.lu\/wp-content\/uploads\/2020\/06\/Meco.png\" width=\"200\"><\/img>[\/et_pb_text][\/et_pb_column][et_pb_column type=&#8220;1_2&#8243; _builder_version=&#8220;4.16&#8243; custom_padding=&#8220;|||&#8220; global_colors_info=&#8220;{}&#8220; custom_padding__hover=&#8220;|||&#8220;][et_pb_blurb _builder_version=&#8220;4.16&#8243; header_font=&#8220;Futura Book|600|||||||&#8220; header_text_align=&#8220;left&#8220; header_text_color=&#8220;#000000&#8243; header_font_size=&#8220;18px&#8220; header_line_height=&#8220;0.8em&#8220; body_font=&#8220;Roboto|300|||||||&#8220; body_text_align=&#8220;left&#8220; body_text_color=&#8220;#262f33&#8243; body_font_size=&#8220;18px&#8220; body_line_height=&#8220;2em&#8220; animation=&#8220;off&#8220; body_font_size_tablet=&#8220;16px&#8220; body_font_size_phone=&#8220;15px&#8220; body_font_size_last_edited=&#8220;on|tablet&#8220; global_colors_info=&#8220;{}&#8220;]<\/p>\n<p>Das Wirtschaftsministerium ist f\u00fcr alle Fragen zust\u00e4ndig, die mit den wirtschaftlichen Interessen des Gro\u00dfherzogtums Luxemburg in Zusammenhang stehen<\/p>\n<p>[\/et_pb_blurb][\/et_pb_column][\/et_pb_row][et_pb_row column_structure=&#8220;1_2,1_2&#8243; use_custom_gutter=&#8220;on&#8220; gutter_width=&#8220;2&#8243; _builder_version=&#8220;4.16&#8243; custom_margin=&#8220;||30px||false|false&#8220; custom_padding=&#8220;30px|30px|30px|30px|true|true&#8220; box_shadow_style=&#8220;preset1&#8243; box_shadow_color=&#8220;rgba(96,118,128,0.38)&#8220; global_colors_info=&#8220;{}&#8220;][et_pb_column type=&#8220;1_2&#8243; _builder_version=&#8220;4.16&#8243; custom_padding=&#8220;|||&#8220; global_colors_info=&#8220;{}&#8220; custom_padding__hover=&#8220;|||&#8220;][et_pb_blurb title=&#8220;Zentraldienst f\u00fcr Statistik und Wirtschaftsstudien (STATEC)&#8220; _builder_version=&#8220;4.16&#8243; header_font=&#8220;Roboto|600|||||||&#8220; header_text_align=&#8220;left&#8220; header_text_color=&#8220;#000000&#8243; header_font_size=&#8220;20px&#8220; header_line_height=&#8220;1.5em&#8220; body_font=&#8220;Roboto|300|||||||&#8220; body_text_align=&#8220;left&#8220; body_text_color=&#8220;#262f33&#8243; body_font_size=&#8220;18px&#8220; body_line_height=&#8220;1em&#8220; body_link_font=&#8220;Roboto||||on||||&#8220; body_link_text_color=&#8220;#262f33&#8243; body_link_font_size=&#8220;22px&#8220; animation=&#8220;off&#8220; body_font_size_tablet=&#8220;16px&#8220; body_font_size_phone=&#8220;15px&#8220; body_font_size_last_edited=&#8220;on|tablet&#8220; body_link_font_size_tablet=&#8220;&#8220; body_link_font_size_phone=&#8220;18px&#8220; body_link_font_size_last_edited=&#8220;on|phone&#8220; global_colors_info=&#8220;{}&#8220;]<\/p>\n<p><a href=\"http:\/\/www.statec.lu\" target=\"_blank\" rel=\"noopener\">statec.lu<\/a><\/p>\n<p>[\/et_pb_blurb][et_pb_text _builder_version=&#8220;4.16&#8243; header_2_font_size=&#8220;42px&#8220; header_2_font_size_tablet=&#8220;28px&#8220; header_2_font_size_phone=&#8220;22px&#8220; header_2_font_size_last_edited=&#8220;on|phone&#8220; global_colors_info=&#8220;{}&#8220;]<img decoding=\"async\" src=\"https:\/\/mewo.lu\/wp-content\/uploads\/2020\/06\/statec.png\" width=\"200\"><\/img>[\/et_pb_text][\/et_pb_column][et_pb_column type=&#8220;1_2&#8243; _builder_version=&#8220;4.16&#8243; custom_padding=&#8220;|||&#8220; global_colors_info=&#8220;{}&#8220; custom_padding__hover=&#8220;|||&#8220;][et_pb_blurb _builder_version=&#8220;4.16&#8243; header_font=&#8220;Futura Book|600|||||||&#8220; header_text_align=&#8220;left&#8220; header_text_color=&#8220;#000000&#8243; header_font_size=&#8220;18px&#8220; header_line_height=&#8220;0.8em&#8220; body_font=&#8220;Roboto|300|||||||&#8220; body_text_align=&#8220;left&#8220; body_text_color=&#8220;#262f33&#8243; body_font_size=&#8220;18px&#8220; body_line_height=&#8220;2em&#8220; animation=&#8220;off&#8220; body_font_size_tablet=&#8220;16px&#8220; body_font_size_phone=&#8220;15px&#8220; body_font_size_last_edited=&#8220;on|tablet&#8220; global_colors_info=&#8220;{}&#8220;]<\/p>\n<p>Das STATEC ist eine Beh\u00f6rde, die dem Wirtschaftsministerium unterstellt ist. Es genie\u00dft jedoch wissenschaftliche und fachliche Unabh\u00e4ngigkeit, d. h. das STATEC legt sein Arbeitsprogramm in \u00dcbereinstimmung mit der nationalen und europ\u00e4ischen Statistikgesetzgebung fest, produziert und verbreitet seine Daten neutral. Das STATEC verpflichtet sich, Statistiken, Analysen und Studien zu erstellen, die ein detailliertes, zuverl\u00e4ssiges und objektives Bild der luxemburgischen Gesellschaft darstellen.<\/p>\n<p>[\/et_pb_blurb][\/et_pb_column][\/et_pb_row][et_pb_row column_structure=&#8220;1_2,1_2&#8243; use_custom_gutter=&#8220;on&#8220; gutter_width=&#8220;2&#8243; _builder_version=&#8220;4.16&#8243; custom_margin=&#8220;||30px||false|false&#8220; custom_padding=&#8220;30px|30px|30px|30px|true|true&#8220; box_shadow_style=&#8220;preset1&#8243; box_shadow_color=&#8220;rgba(96,118,128,0.38)&#8220; global_colors_info=&#8220;{}&#8220;][et_pb_column type=&#8220;1_2&#8243; _builder_version=&#8220;4.16&#8243; custom_padding=&#8220;|||&#8220; global_colors_info=&#8220;{}&#8220; custom_padding__hover=&#8220;|||&#8220;][et_pb_blurb title=&#8220;Juristisches Portal der Regierung des Gro\u00dfherzogtums Luxemburg&#8220; _builder_version=&#8220;4.16&#8243; header_font=&#8220;Roboto|600|||||||&#8220; header_text_align=&#8220;left&#8220; header_text_color=&#8220;#000000&#8243; header_font_size=&#8220;20px&#8220; header_line_height=&#8220;1.5em&#8220; body_font=&#8220;Roboto|300|||||||&#8220; body_text_align=&#8220;left&#8220; body_text_color=&#8220;#262f33&#8243; body_font_size=&#8220;18px&#8220; body_line_height=&#8220;1em&#8220; body_link_font=&#8220;Roboto||||on||||&#8220; body_link_text_color=&#8220;#262f33&#8243; body_link_font_size=&#8220;22px&#8220; animation=&#8220;off&#8220; body_font_size_tablet=&#8220;16px&#8220; body_font_size_phone=&#8220;15px&#8220; body_font_size_last_edited=&#8220;on|tablet&#8220; body_link_font_size_tablet=&#8220;&#8220; body_link_font_size_phone=&#8220;18px&#8220; body_link_font_size_last_edited=&#8220;on|phone&#8220; global_colors_info=&#8220;{}&#8220;]<\/p>\n<p><a href=\"http:\/\/www.legilux.public.lu\" target=\"_blank\" rel=\"noopener\">legilux.public.lu<\/a><\/p>\n<p>[\/et_pb_blurb][et_pb_text _builder_version=&#8220;4.16&#8243; header_2_font_size=&#8220;42px&#8220; header_2_font_size_tablet=&#8220;28px&#8220; header_2_font_size_phone=&#8220;22px&#8220; header_2_font_size_last_edited=&#8220;on|phone&#8220; global_colors_info=&#8220;{}&#8220;]<img decoding=\"async\" src=\"https:\/\/mewo.lu\/wp-content\/uploads\/2020\/06\/gov-light.png\" width=\"200\"><\/img>[\/et_pb_text][\/et_pb_column][et_pb_column type=&#8220;1_2&#8243; _builder_version=&#8220;4.16&#8243; custom_padding=&#8220;|||&#8220; global_colors_info=&#8220;{}&#8220; custom_padding__hover=&#8220;|||&#8220;][et_pb_blurb _builder_version=&#8220;4.16&#8243; header_font=&#8220;Futura Book|600|||||||&#8220; header_text_align=&#8220;left&#8220; header_text_color=&#8220;#000000&#8243; header_font_size=&#8220;18px&#8220; header_line_height=&#8220;0.8em&#8220; body_font=&#8220;Roboto|300|||||||&#8220; body_text_align=&#8220;left&#8220; body_text_color=&#8220;#262f33&#8243; body_font_size=&#8220;18px&#8220; body_line_height=&#8220;2em&#8220; animation=&#8220;off&#8220; body_font_size_tablet=&#8220;16px&#8220; body_font_size_phone=&#8220;15px&#8220; body_font_size_last_edited=&#8220;on|tablet&#8220; global_colors_info=&#8220;{}&#8220;]<\/p>\n<p>Die Legilux-Website ist das Rechtsportal der Regierung des Gro\u00dfherzogtums Luxemburg im Internet. Es erm\u00f6glicht den Zugang zu den luxemburgischen Rechtsvorschriften, entweder in Form von Rohtexten aus dem M\u00e9morial A oder in Form von koordinierten Texten, die gr\u00f6\u00dftenteils in Gesetzb\u00fcchern (Codes) und Gesetzessammlungen (Recueils de L\u00e9gislation) enthalten sind.<\/p>\n<p>[\/et_pb_blurb][\/et_pb_column][\/et_pb_row][et_pb_row column_structure=&#8220;1_2,1_2&#8243; use_custom_gutter=&#8220;on&#8220; gutter_width=&#8220;2&#8243; _builder_version=&#8220;4.16&#8243; custom_margin=&#8220;||30px||false|false&#8220; custom_padding=&#8220;30px|30px|30px|30px|true|true&#8220; box_shadow_style=&#8220;preset1&#8243; box_shadow_color=&#8220;rgba(96,118,128,0.38)&#8220; global_colors_info=&#8220;{}&#8220;][et_pb_column type=&#8220;1_2&#8243; _builder_version=&#8220;4.16&#8243; custom_padding=&#8220;|||&#8220; global_colors_info=&#8220;{}&#8220; custom_padding__hover=&#8220;|||&#8220;][et_pb_blurb title=&#8220;Portal f\u00fcr Unternehmen&#8220; _builder_version=&#8220;4.16&#8243; header_font=&#8220;Roboto|600|||||||&#8220; header_text_align=&#8220;left&#8220; header_text_color=&#8220;#000000&#8243; header_font_size=&#8220;20px&#8220; header_line_height=&#8220;1.5em&#8220; body_font=&#8220;Roboto|300|||||||&#8220; body_text_align=&#8220;left&#8220; body_text_color=&#8220;#262f33&#8243; body_font_size=&#8220;18px&#8220; body_line_height=&#8220;1em&#8220; body_link_font=&#8220;Roboto||||on||||&#8220; body_link_text_color=&#8220;#262f33&#8243; body_link_font_size=&#8220;22px&#8220; animation=&#8220;off&#8220; body_font_size_tablet=&#8220;16px&#8220; body_font_size_phone=&#8220;15px&#8220; body_font_size_last_edited=&#8220;on|tablet&#8220; body_link_font_size_tablet=&#8220;&#8220; body_link_font_size_phone=&#8220;18px&#8220; body_link_font_size_last_edited=&#8220;on|phone&#8220; global_colors_info=&#8220;{}&#8220;]<\/p>\n<p><a href=\"http:\/\/www.guichet.public.lu\/entreprises\" target=\"_blank\" rel=\"noopener\">guichet.public.lu\/unternehmen<\/a><\/p>\n<p>[\/et_pb_blurb][et_pb_text _builder_version=&#8220;4.16&#8243; header_2_font_size=&#8220;42px&#8220; header_2_font_size_tablet=&#8220;28px&#8220; header_2_font_size_phone=&#8220;22px&#8220; header_2_font_size_last_edited=&#8220;on|phone&#8220; global_colors_info=&#8220;{}&#8220;]<img decoding=\"async\" src=\"https:\/\/mewo.lu\/wp-content\/uploads\/2020\/06\/Guichet.png\" width=\"150\"><\/img>[\/et_pb_text][\/et_pb_column][et_pb_column type=&#8220;1_2&#8243; _builder_version=&#8220;4.16&#8243; custom_padding=&#8220;|||&#8220; global_colors_info=&#8220;{}&#8220; custom_padding__hover=&#8220;|||&#8220;][et_pb_blurb _builder_version=&#8220;4.16&#8243; header_font=&#8220;Futura Book|600|||||||&#8220; header_text_align=&#8220;left&#8220; header_text_color=&#8220;#000000&#8243; header_font_size=&#8220;18px&#8220; header_line_height=&#8220;0.8em&#8220; body_font=&#8220;Roboto|300|||||||&#8220; body_text_align=&#8220;left&#8220; body_text_color=&#8220;#262f33&#8243; body_font_size=&#8220;18px&#8220; body_line_height=&#8220;2em&#8220; animation=&#8220;off&#8220; body_font_size_tablet=&#8220;16px&#8220; body_font_size_phone=&#8220;15px&#8220; body_font_size_last_edited=&#8220;on|tablet&#8220; global_colors_info=&#8220;{}&#8220;]<\/p>\n<p>Dieses Portal bietet Informationen, Vorgehensweisen f\u00fcr jede Phase des Lebens eines Unternehmens in Luxemburg.<\/p>\n<p>[\/et_pb_blurb][\/et_pb_column][\/et_pb_row][et_pb_row column_structure=&#8220;1_2,1_2&#8243; use_custom_gutter=&#8220;on&#8220; gutter_width=&#8220;2&#8243; _builder_version=&#8220;4.16&#8243; custom_margin=&#8220;||30px||false|false&#8220; custom_padding=&#8220;30px|30px|30px|30px|true|true&#8220; box_shadow_style=&#8220;preset1&#8243; box_shadow_color=&#8220;rgba(96,118,128,0.38)&#8220; global_colors_info=&#8220;{}&#8220;][et_pb_column type=&#8220;1_2&#8243; _builder_version=&#8220;4.16&#8243; custom_padding=&#8220;|||&#8220; global_colors_info=&#8220;{}&#8220; custom_padding__hover=&#8220;|||&#8220;][et_pb_blurb title=&#8220;Union des Entreprises Luxembourgeoises (UEL) (Verband Luxemburger Unternehmen)&#8220; _builder_version=&#8220;4.16&#8243; header_font=&#8220;Roboto|600|||||||&#8220; header_text_align=&#8220;left&#8220; header_text_color=&#8220;#000000&#8243; header_font_size=&#8220;20px&#8220; header_line_height=&#8220;1.5em&#8220; body_font=&#8220;Roboto|300|||||||&#8220; body_text_align=&#8220;left&#8220; body_text_color=&#8220;#262f33&#8243; body_font_size=&#8220;18px&#8220; body_line_height=&#8220;1em&#8220; body_link_font=&#8220;Roboto||||on||||&#8220; body_link_text_color=&#8220;#262f33&#8243; body_link_font_size=&#8220;22px&#8220; animation=&#8220;off&#8220; body_font_size_tablet=&#8220;16px&#8220; body_font_size_phone=&#8220;15px&#8220; body_font_size_last_edited=&#8220;on|tablet&#8220; body_link_font_size_tablet=&#8220;&#8220; body_link_font_size_phone=&#8220;18px&#8220; body_link_font_size_last_edited=&#8220;on|phone&#8220; global_colors_info=&#8220;{}&#8220;]<\/p>\n<p><a href=\"http:\/\/www.uel.lu\" target=\"_blank\" rel=\"noopener\">uel.lu<\/a><\/p>\n<p>[\/et_pb_blurb][et_pb_text _builder_version=&#8220;4.16&#8243; header_2_font_size=&#8220;42px&#8220; background_enable_color=&#8220;off&#8220; header_2_font_size_tablet=&#8220;28px&#8220; header_2_font_size_phone=&#8220;22px&#8220; header_2_font_size_last_edited=&#8220;on|phone&#8220; global_colors_info=&#8220;{}&#8220;]<img decoding=\"async\" src=\"https:\/\/mewo.lu\/wp-content\/uploads\/2020\/06\/uel-logo-neu-black.png\" width=\"150\"><\/img>[\/et_pb_text][\/et_pb_column][et_pb_column type=&#8220;1_2&#8243; _builder_version=&#8220;4.16&#8243; custom_padding=&#8220;|||&#8220; global_colors_info=&#8220;{}&#8220; custom_padding__hover=&#8220;|||&#8220;][et_pb_blurb _builder_version=&#8220;4.16&#8243; header_font=&#8220;Futura Book|600|||||||&#8220; header_text_align=&#8220;left&#8220; header_text_color=&#8220;#000000&#8243; header_font_size=&#8220;18px&#8220; header_line_height=&#8220;0.8em&#8220; body_font=&#8220;Roboto|300|||||||&#8220; body_text_align=&#8220;left&#8220; body_text_color=&#8220;#262f33&#8243; body_font_size=&#8220;18px&#8220; body_line_height=&#8220;2em&#8220; animation=&#8220;off&#8220; body_font_size_tablet=&#8220;16px&#8220; body_font_size_phone=&#8220;15px&#8220; body_font_size_last_edited=&#8220;on|tablet&#8220; global_colors_info=&#8220;{}&#8220;]<\/p>\n<p>Dieses Portal bietet Informationen, Vorgehensweisen f\u00fcr jede Phase des Lebens eines Unternehmens in Luxemburg.<\/p>\n<p>[\/et_pb_blurb][\/et_pb_column][\/et_pb_row][\/et_pb_section]<\/p>\n","protected":false},"excerpt":{"rendered":"<p>Conf\u00e9d\u00e9ration du Bois et du M\u00e9talLinksEinrichtungen des Handwerksfda.luSeit 1905 ist die FDA die Dachorganisation des luxemburgischen Handwerks, in der 50 &#8230;<\/p>\n","protected":false},"author":12,"featured_media":0,"parent":0,"menu_order":0,"comment_status":"closed","ping_status":"closed","template":"","meta":{"_acf_changed":false,"_et_pb_use_builder":"on","_et_pb_old_content":"","_et_gb_content_width":"","inline_featured_image":false,"footnotes":""},"class_list":["post-54260","page","type-page","status-publish","hentry"],"acf":[],"_links":{"self":[{"href":"https:\/\/mewo.lu\/de\/wp-json\/wp\/v2\/pages\/54260","targetHints":{"allow":["GET"]}}],"collection":[{"href":"https:\/\/mewo.lu\/de\/wp-json\/wp\/v2\/pages"}],"about":[{"href":"https:\/\/mewo.lu\/de\/wp-json\/wp\/v2\/types\/page"}],"author":[{"embeddable":true,"href":"https:\/\/mewo.lu\/de\/wp-json\/wp\/v2\/users\/12"}],"replies":[{"embeddable":true,"href":"https:\/\/mewo.lu\/de\/wp-json\/wp\/v2\/comments?post=54260"}],"version-history":[{"count":0,"href":"https:\/\/mewo.lu\/de\/wp-json\/wp\/v2\/pages\/54260\/revisions"}],"wp:attachment":[{"href":"https:\/\/mewo.lu\/de\/wp-json\/wp\/v2\/media?parent=54260"}],"curies":[{"name":"wp","href":"https:\/\/api.w.org\/{rel}","templated":true}]}}